{"id":96,"date":"2023-02-16T19:21:11","date_gmt":"2023-02-16T22:21:11","guid":{"rendered":"https:\/\/termal.com.br\/?page_id=96"},"modified":"2023-02-16T19:58:59","modified_gmt":"2023-02-16T22:58:59","slug":"institucional","status":"publish","type":"page","link":"https:\/\/termal.com.br\/index.php\/institucional\/","title":{"rendered":"INSTITUCIONAL"},"content":{"rendered":"\t\t<div data-elementor-type=\"wp-page\" data-elementor-id=\"96\" class=\"elementor elementor-96\">\n\t\t\t\t\t\t<section class=\"elementor-section elementor-top-section elementor-element elementor-element-677c8a6b elementor-section-boxed elementor-section-height-default elementor-section-height-default\" data-id=\"677c8a6b\" data-element_type=\"section\">\n\t\t\t\t\t\t<div class=\"elementor-container elementor-column-gap-default\">\n\t\t\t\t\t<div class=\"elementor-column elementor-col-100 elementor-top-column elementor-element elementor-element-2db9ad6b\" data-id=\"2db9ad6b\" data-element_type=\"column\">\n\t\t\t<div class=\"elementor-widget-wrap elementor-element-populated\">\n\t\t\t\t\t\t<div class=\"elementor-element elementor-element-2372f8b1 elementor-widget elementor-widget-text-editor\" data-id=\"2372f8b1\" data-element_type=\"widget\" data-widget_type=\"text-editor.default\">\n\t\t\t\t<div class=\"elementor-widget-container\">\n\t\t\t\t\t\t\t<p><!-- wp:paragraph --><\/p>\n<p>Diretoria Termal 2023<\/p>\n<p><!-- \/wp:paragraph --><\/p>\n<p><!-- wp:paragraph --><\/p>\n<p><strong>Presidente:<\/strong>\u00a0Paulo Breda<\/p>\n<p><!-- \/wp:paragraph --><\/p>\n<p><!-- wp:paragraph --><\/p>\n<p><strong>Secret\u00e1ria:<\/strong>\u00a0Debora Destefani<\/p>\n<p><!-- \/wp:paragraph --><\/p>\n<p><!-- wp:paragraph --><\/p>\n<p><strong>Tesoureiro:<\/strong>\u00a0Neucimar Sant\u2019Anna<\/p>\n<p><!-- \/wp:paragraph --><\/p>\n<p><!-- wp:paragraph --><\/p>\n<p><strong>Diretor Tecnico:<\/strong>\u00a0Ronaldo Granzieli<\/p>\n<p><!-- \/wp:paragraph --><\/p>\n<p><!-- wp:paragraph --><\/p>\n<p><strong>Conselho Fiscal: .<\/strong><\/p>\n<p><!-- \/wp:buttons --><\/p>\t\t\t\t\t\t<\/div>\n\t\t\t\t<\/div>\n\t\t\t\t<div class=\"elementor-element elementor-element-a994ae5 elementor-tabs-view-horizontal elementor-widget elementor-widget-tabs\" data-id=\"a994ae5\" data-element_type=\"widget\" data-widget_type=\"tabs.default\">\n\t\t\t\t<div class=\"elementor-widget-container\">\n\t\t\t\t\t<div class=\"elementor-tabs\">\n\t\t\t<div class=\"elementor-tabs-wrapper\" role=\"tablist\" >\n\t\t\t\t\t\t\t\t\t<div id=\"elementor-tab-title-1771\" class=\"elementor-tab-title elementor-tab-desktop-title\" aria-selected=\"true\" data-tab=\"1\" role=\"tab\" tabindex=\"0\" aria-controls=\"elementor-tab-content-1771\" aria-expanded=\"false\">Diretorias Anteriores<\/div>\n\t\t\t\t\t\t\t\t\t<div id=\"elementor-tab-title-1772\" class=\"elementor-tab-title elementor-tab-desktop-title\" aria-selected=\"false\" data-tab=\"2\" role=\"tab\" tabindex=\"-1\" aria-controls=\"elementor-tab-content-1772\" aria-expanded=\"false\">Documentos<\/div>\n\t\t\t\t\t\t\t\t\t<div id=\"elementor-tab-title-1773\" class=\"elementor-tab-title elementor-tab-desktop-title\" aria-selected=\"false\" data-tab=\"3\" role=\"tab\" tabindex=\"-1\" aria-controls=\"elementor-tab-content-1773\" aria-expanded=\"false\">Estatuto<\/div>\n\t\t\t\t\t\t\t<\/div>\n\t\t\t<div class=\"elementor-tabs-content-wrapper\" role=\"tablist\" aria-orientation=\"vertical\">\n\t\t\t\t\t\t\t\t\t<div class=\"elementor-tab-title elementor-tab-mobile-title\" aria-selected=\"true\" data-tab=\"1\" role=\"tab\" tabindex=\"0\" aria-controls=\"elementor-tab-content-1771\" aria-expanded=\"false\">Diretorias Anteriores<\/div>\n\t\t\t\t\t<div id=\"elementor-tab-content-1771\" class=\"elementor-tab-content elementor-clearfix\" data-tab=\"1\" role=\"tabpanel\" aria-labelledby=\"elementor-tab-title-1771\" tabindex=\"0\" hidden=\"false\"><p style=\"border: 0px; font-family: Ubuntu, sans-serif; font-size: 14px; margin-bottom: 10px; vertical-align: baseline; color: #666666; background-color: #ffffff;\"><span style=\"border: 0px; font-family: inherit; font-style: inherit; font-weight: bold; vertical-align: baseline;\">1\u00ba Diretoria<\/span><\/p>\n<p style=\"border: 0px; font-family: Ubuntu, sans-serif; font-size: 14px; margin-bottom: 10px; vertical-align: baseline; color: #666666; background-color: #ffffff;\"><span style=\"border: 0px; font-family: inherit; font-style: inherit; font-weight: bold; vertical-align: baseline;\">Presidente:<\/span>\u00a0Paulo Roberto Louzada<\/p>\n<p style=\"border: 0px; font-family: Ubuntu, sans-serif; font-size: 14px; margin-bottom: 10px; vertical-align: baseline; color: #666666; background-color: #ffffff;\"><span style=\"border: 0px; font-family: inherit; font-style: inherit; font-weight: bold; vertical-align: baseline;\">Secret\u00e1rio:<\/span>\u00a0Jo\u00e3o Passani<\/p>\n<p style=\"border: 0px; font-family: Ubuntu, sans-serif; font-size: 14px; margin-bottom: 10px; vertical-align: baseline; color: #666666; background-color: #ffffff;\"><span style=\"border: 0px; font-family: inherit; font-style: inherit; font-weight: bold; vertical-align: baseline;\">Tesoureiro:<\/span>\u00a0Jos\u00e9 Cristiano Fazoli<\/p>\n<p style=\"border: 0px; font-family: Ubuntu, sans-serif; font-size: 14px; margin-bottom: 10px; vertical-align: baseline; color: #666666; background-color: #ffffff;\"><span style=\"border: 0px; font-family: inherit; font-style: inherit; font-weight: bold; vertical-align: baseline;\">2\u00ba Diretoria<\/span><\/p>\n<p style=\"border: 0px; font-family: Ubuntu, sans-serif; font-size: 14px; margin-bottom: 10px; vertical-align: baseline; color: #666666; background-color: #ffffff;\"><span style=\"border: 0px; font-family: inherit; font-style: inherit; font-weight: bold; vertical-align: baseline;\">Presidente:<\/span>\u00a0Paulo Roberto Louzada<\/p>\n<p style=\"border: 0px; font-family: Ubuntu, sans-serif; font-size: 14px; margin-bottom: 10px; vertical-align: baseline; color: #666666; background-color: #ffffff;\"><span style=\"border: 0px; font-family: inherit; font-style: inherit; font-weight: bold; vertical-align: baseline;\">Secret\u00e1rio:<\/span>\u00a0Dolguas Francisco Alves<\/p>\n<p style=\"border: 0px; font-family: Ubuntu, sans-serif; font-size: 14px; margin-bottom: 10px; vertical-align: baseline; color: #666666; background-color: #ffffff;\"><span style=\"border: 0px; font-family: inherit; font-style: inherit; font-weight: bold; vertical-align: baseline;\">Tesoureiro:<\/span>\u00a0Jos\u00e9 Cristiano Fazoli<\/p>\n<p style=\"border: 0px; font-family: Ubuntu, sans-serif; font-size: 14px; margin-bottom: 10px; vertical-align: baseline; color: #666666; background-color: #ffffff;\"><span style=\"border: 0px; font-family: inherit; font-style: inherit; font-weight: bold; vertical-align: baseline;\">3\u00ba Diretoria<\/span><\/p>\n<p style=\"border: 0px; font-family: Ubuntu, sans-serif; font-size: 14px; margin-bottom: 10px; vertical-align: baseline; color: #666666; background-color: #ffffff;\"><span style=\"border: 0px; font-family: inherit; font-style: inherit; font-weight: bold; vertical-align: baseline;\">Presidente:<\/span>\u00a0Jos\u00e9 Cristiano Fazoli<\/p>\n<p style=\"border: 0px; font-family: Ubuntu, sans-serif; font-size: 14px; margin-bottom: 10px; vertical-align: baseline; color: #666666; background-color: #ffffff;\"><span style=\"border: 0px; font-family: inherit; font-style: inherit; font-weight: bold; vertical-align: baseline;\">Secret\u00e1rio:<\/span>\u00a0Marcelo de Abreu<\/p>\n<p style=\"border: 0px; font-family: Ubuntu, sans-serif; font-size: 14px; margin-bottom: 10px; vertical-align: baseline; color: #666666; background-color: #ffffff;\"><span style=\"border: 0px; font-family: inherit; font-style: inherit; font-weight: bold; vertical-align: baseline;\">Tesoureiro:<\/span>\u00a0Dolguas Francisco Alves<\/p>\n<p style=\"border: 0px; font-family: Ubuntu, sans-serif; font-size: 14px; margin-bottom: 10px; vertical-align: baseline; color: #666666; background-color: #ffffff;\"><span style=\"border: 0px; font-family: inherit; font-style: inherit; font-weight: bold; vertical-align: baseline;\">4\u00ba Diretoria<\/span><\/p>\n<p style=\"border: 0px; font-family: Ubuntu, sans-serif; font-size: 14px; margin-bottom: 10px; vertical-align: baseline; color: #666666; background-color: #ffffff;\"><span style=\"border: 0px; font-family: inherit; font-style: inherit; font-weight: bold; vertical-align: baseline;\">Presidente:<\/span>\u00a0Jos\u00e9 Cristiano Fazoli<\/p>\n<p style=\"border: 0px; font-family: Ubuntu, sans-serif; font-size: 14px; margin-bottom: 10px; vertical-align: baseline; color: #666666; background-color: #ffffff;\"><span style=\"border: 0px; font-family: inherit; font-style: inherit; font-weight: bold; vertical-align: baseline;\">Secret\u00e1rio:<\/span>\u00a0Valtino Cezar Destefani<\/p>\n<p style=\"border: 0px; font-family: Ubuntu, sans-serif; font-size: 14px; margin-bottom: 10px; vertical-align: baseline; color: #666666; background-color: #ffffff;\"><span style=\"border: 0px; font-family: inherit; font-style: inherit; font-weight: bold; vertical-align: baseline;\">Tesoureiro:<\/span>\u00a0Raphael Leite Borges<\/p>\n<p style=\"border: 0px; font-family: Ubuntu, sans-serif; font-size: 14px; margin-bottom: 10px; vertical-align: baseline; color: #666666; background-color: #ffffff;\"><span style=\"border: 0px; font-family: inherit; font-style: inherit; font-weight: bold; vertical-align: baseline;\">5\u00ba Diretoria<\/span><\/p>\n<p style=\"border: 0px; font-family: Ubuntu, sans-serif; font-size: 14px; margin-bottom: 10px; vertical-align: baseline; color: #666666; background-color: #ffffff;\"><span style=\"border: 0px; font-family: inherit; font-style: inherit; font-weight: bold; vertical-align: baseline;\">Presidente:<\/span>\u00a0Domingos Aginaldo Burgues<\/p>\n<p style=\"border: 0px; font-family: Ubuntu, sans-serif; font-size: 14px; margin-bottom: 10px; vertical-align: baseline; color: #666666; background-color: #ffffff;\"><span style=\"border: 0px; font-family: inherit; font-style: inherit; font-weight: bold; vertical-align: baseline;\">Secret\u00e1rio:<\/span>\u00a0Carlos Roberto da Silva<\/p>\n<p style=\"border: 0px; font-family: Ubuntu, sans-serif; font-size: 14px; margin-bottom: 10px; vertical-align: baseline; color: #666666; background-color: #ffffff;\"><span style=\"border: 0px; font-family: inherit; font-style: inherit; font-weight: bold; vertical-align: baseline;\">Tesoureiro:<\/span>\u00a0Jonathan Dalcin Lemos<\/p>\n<p style=\"border: 0px; font-family: Ubuntu, sans-serif; font-size: 14px; margin-bottom: 10px; vertical-align: baseline; color: #666666; background-color: #ffffff;\"><span style=\"border: 0px; font-family: inherit; font-style: inherit; font-weight: bold; vertical-align: baseline;\">6\u00ba Diretoria<\/span><\/p>\n<p style=\"border: 0px; font-family: Ubuntu, sans-serif; font-size: 14px; margin-bottom: 10px; vertical-align: baseline; color: #666666; background-color: #ffffff;\"><span style=\"border: 0px; font-family: inherit; font-style: inherit; font-weight: bold; vertical-align: baseline;\">Presidente:<\/span>\u00a0Domingos Aginaldo Burgues<\/p>\n<p style=\"border: 0px; font-family: Ubuntu, sans-serif; font-size: 14px; margin-bottom: 10px; vertical-align: baseline; color: #666666; background-color: #ffffff;\"><span style=\"border: 0px; font-family: inherit; font-style: inherit; font-weight: bold; vertical-align: baseline;\">Secret\u00e1rio:<\/span>\u00a0Carlos Roberto da Silva<\/p>\n<p style=\"border: 0px; font-family: Ubuntu, sans-serif; font-size: 14px; margin-bottom: 10px; vertical-align: baseline; color: #666666; background-color: #ffffff;\"><span style=\"border: 0px; font-family: inherit; font-style: inherit; font-weight: bold; vertical-align: baseline;\">Tesoureiro:<\/span>\u00a0Lucas Laquini<\/p>\n<p style=\"border: 0px; font-family: Ubuntu, sans-serif; font-size: 14px; margin-bottom: 10px; vertical-align: baseline; color: #666666; background-color: #ffffff;\"><span style=\"border: 0px; font-family: inherit; font-style: inherit; font-weight: bold; vertical-align: baseline;\">7\u00ba Diretoria<\/span><\/p>\n<p style=\"border: 0px; font-family: Ubuntu, sans-serif; font-size: 14px; margin-bottom: 10px; vertical-align: baseline; color: #666666; background-color: #ffffff;\"><span style=\"border: 0px; font-family: inherit; font-style: inherit; font-weight: bold; vertical-align: baseline;\">Presidente:<\/span>\u00a0Ronivaldo Moreira<\/p>\n<p style=\"border: 0px; font-family: Ubuntu, sans-serif; font-size: 14px; margin-bottom: 10px; vertical-align: baseline; color: #666666; background-color: #ffffff;\"><span style=\"border: 0px; font-family: inherit; font-style: inherit; font-weight: bold; vertical-align: baseline;\">Secret\u00e1rio:<\/span>\u00a0Pettersonn Davel Mareto<\/p>\n<p style=\"border: 0px; font-family: Ubuntu, sans-serif; font-size: 14px; margin-bottom: 10px; vertical-align: baseline; color: #666666; background-color: #ffffff;\"><span style=\"border: 0px; font-family: inherit; font-style: inherit; font-weight: bold; vertical-align: baseline;\">Tesoureiro:<\/span>\u00a0Sebasti\u00e3o Premoli<\/p>\n<p style=\"border: 0px; font-family: Ubuntu, sans-serif; font-size: 14px; margin-bottom: 10px; vertical-align: baseline; color: #666666; background-color: #ffffff;\"><span style=\"border: 0px; font-family: inherit; font-style: inherit; font-weight: bold; vertical-align: baseline;\">Conselho Fiscal:<\/span>\u00a0Jos\u00e9 Cristiano Fazoli, Valmir Andre\u00e3o e Vicente de Paulo Junior<\/p>\n<p style=\"border: 0px; font-family: Ubuntu, sans-serif; font-size: 14px; margin-bottom: 10px; vertical-align: baseline; color: #666666; background-color: #ffffff;\"><span style=\"border: 0px; font-family: inherit; font-style: inherit; font-weight: bold; vertical-align: baseline;\">8\u00ba Diretoria<\/span><\/p>\n<p style=\"border: 0px; font-family: Ubuntu, sans-serif; font-size: 14px; margin-bottom: 10px; vertical-align: baseline; color: #666666; background-color: #ffffff;\"><span style=\"border: 0px; font-family: inherit; font-style: inherit; font-weight: bold; vertical-align: baseline;\">Presidente:<\/span>\u00a0Pettersonn Davel Mareto<\/p>\n<p style=\"border: 0px; font-family: Ubuntu, sans-serif; font-size: 14px; margin-bottom: 10px; vertical-align: baseline; color: #666666; background-color: #ffffff;\"><span style=\"border: 0px; font-family: inherit; font-style: inherit; font-weight: bold; vertical-align: baseline;\">Secret\u00e1rio:<\/span>\u00a0Evaldo Dalcin \u201cRato\u201d<\/p>\n<p style=\"border: 0px; font-family: Ubuntu, sans-serif; font-size: 14px; margin-bottom: 10px; vertical-align: baseline; color: #666666; background-color: #ffffff;\"><span style=\"border: 0px; font-family: inherit; font-style: inherit; font-weight: bold; vertical-align: baseline;\">Tesoureiro:<\/span>\u00a0Valtino Cesar Destefani \u201cCostinha\u201d<\/p><\/div>\n\t\t\t\t\t\t\t\t\t<div class=\"elementor-tab-title elementor-tab-mobile-title\" aria-selected=\"false\" data-tab=\"2\" role=\"tab\" tabindex=\"-1\" aria-controls=\"elementor-tab-content-1772\" aria-expanded=\"false\">Documentos<\/div>\n\t\t\t\t\t<div id=\"elementor-tab-content-1772\" class=\"elementor-tab-content elementor-clearfix\" data-tab=\"2\" role=\"tabpanel\" aria-labelledby=\"elementor-tab-title-1772\" tabindex=\"0\" hidden=\"hidden\"><p>Atas<\/p>\n<p><a href=\"https:\/\/termal.com.br\/wp-content\/uploads\/2023\/02\/termal-edital-2018.pdf\">Ata Elei\u00e7\u00e3o 2018<\/a><\/p>\n<p><a href=\"https:\/\/termal.com.br\/wp-content\/uploads\/2023\/02\/ata-eleicao-2012.pdf\">Ata Elei\u00e7\u00e3o 2012<\/a><\/p>\n<p>\u00a0<\/p><\/div>\n\t\t\t\t\t\t\t\t\t<div class=\"elementor-tab-title elementor-tab-mobile-title\" aria-selected=\"false\" data-tab=\"3\" role=\"tab\" tabindex=\"-1\" aria-controls=\"elementor-tab-content-1773\" aria-expanded=\"false\">Estatuto<\/div>\n\t\t\t\t\t<div id=\"elementor-tab-content-1773\" class=\"elementor-tab-content elementor-clearfix\" data-tab=\"3\" role=\"tabpanel\" aria-labelledby=\"elementor-tab-title-1773\" tabindex=\"0\" hidden=\"hidden\"><p><span style=\"color: #666666; font-family: Ubuntu, sans-serif; font-size: 14px; background-color: #ffffff;\">Cap\u00edtulo I \u2013 DA DENOMINA\u00c7\u00c3O, SEDE E FINS<\/span><br style=\"color: #666666; font-family: Ubuntu, sans-serif; font-size: 14px; background-color: #ffffff;\" \/><span style=\"color: #666666; font-family: Ubuntu, sans-serif; font-size: 14px; background-color: #ffffff;\">Art. 1\u00ba. A TERMAL, constitu\u00edda em 14 de maio de 2005 sob a forma de associa\u00e7\u00e3o, \u00e9 uma pessoa jur\u00eddica de direito privado, sem fins lucrativos, e dura\u00e7\u00e3o por tempo indeterminado, com sede no munic\u00edpio de Castelo Estado do Esp\u00edrito Santo e foro neste mesmo Munic\u00edpio e Estado.<\/span><br style=\"color: #666666; font-family: Ubuntu, sans-serif; font-size: 14px; background-color: #ffffff;\" \/><span style=\"color: #666666; font-family: Ubuntu, sans-serif; font-size: 14px; background-color: #ffffff;\">Art. 2\u00ba. A TERMAL tem por finalidades:<\/span><br style=\"color: #666666; font-family: Ubuntu, sans-serif; font-size: 14px; background-color: #ffffff;\" \/><span style=\"color: #666666; font-family: Ubuntu, sans-serif; font-size: 14px; background-color: #ffffff;\">I- Promover o conceito a partir do desenvolvimento de estudos, projetos, semin\u00e1rios, congressos e eventos que realizem atividades do turismo e todas as suas modalidades, artesanato, cultura, sa\u00fade, esportes (em atividades que aconte\u00e7am na terra, no c\u00e9u e nas \u00e1guas), sustentabilidade e desenvolvimento social;<\/span><br style=\"color: #666666; font-family: Ubuntu, sans-serif; font-size: 14px; background-color: #ffffff;\" \/><span style=\"color: #666666; font-family: Ubuntu, sans-serif; font-size: 14px; background-color: #ffffff;\">II- Promover \u00e0 \u00e9tica, a cidadania, os direitos humanos, a democracia, e outros valores universais;<\/span><br style=\"color: #666666; font-family: Ubuntu, sans-serif; font-size: 14px; background-color: #ffffff;\" \/><span style=\"color: #666666; font-family: Ubuntu, sans-serif; font-size: 14px; background-color: #ffffff;\">III- Promover a defesa, preserva\u00e7\u00e3o e conserva\u00e7\u00e3o do meio ambiente e promo\u00e7\u00e3o do desenvolvimento sustent\u00e1vel. (Lei 9.790\/99, art.3\u00ba);<\/span><br style=\"color: #666666; font-family: Ubuntu, sans-serif; font-size: 14px; background-color: #ffffff;\" \/><span style=\"color: #666666; font-family: Ubuntu, sans-serif; font-size: 14px; background-color: #ffffff;\">VI \u2013 Projetar, promover e divulgar suas atividades junto \u00e0s Entidades P\u00fablicas e Privadas voltadas para a pr\u00e1tica do turismo e todas as suas modalidades, artesanato, cultura, sa\u00fade, esportes (em atividades que aconte\u00e7am na terra, no c\u00e9u e nas \u00e1guas), sustentabilidade e desenvolvimento social;<\/span><br style=\"color: #666666; font-family: Ubuntu, sans-serif; font-size: 14px; background-color: #ffffff;\" \/><span style=\"color: #666666; font-family: Ubuntu, sans-serif; font-size: 14px; background-color: #ffffff;\">V \u2013 Realizar os servi\u00e7os de utilidade para o turismo e todas as suas modalidades, artesanato, cultura, sa\u00fade, esportes (em atividades que aconte\u00e7am na terra, no c\u00e9u e nas \u00e1guas), sustentabilidade e desenvolvimento social;<\/span><br style=\"color: #666666; font-family: Ubuntu, sans-serif; font-size: 14px; background-color: #ffffff;\" \/><span style=\"color: #666666; font-family: Ubuntu, sans-serif; font-size: 14px; background-color: #ffffff;\">VI \u2013 conscientizar a sociedade para a import\u00e2ncia do turismo e todas as suas modalidades, artesanato, cultura, sa\u00fade, esportes (em atividades que aconte\u00e7am na terra, no c\u00e9u e nas \u00e1guas), sustentabilidade e desenvolvimento social, como instrumentos de crescimento s\u00f3cio-econ\u00f4mico, gera\u00e7\u00e3o de emprego e renda, amplia\u00e7\u00e3o de neg\u00f3cios e atrair novos empreendimentos para o desenvolvimento s\u00f3cio econ\u00f4mico, bem como a melhoria da qualidade de vida, preserva\u00e7\u00e3o e conserva\u00e7\u00e3o de seu patrim\u00f4nio natural e cultural;<\/span><br style=\"color: #666666; font-family: Ubuntu, sans-serif; font-size: 14px; background-color: #ffffff;\" \/><span style=\"color: #666666; font-family: Ubuntu, sans-serif; font-size: 14px; background-color: #ffffff;\">VII \u2013 incentivar e apoiar os munic\u00edpios que apresentam potencial para o turismo e todas as suas modalidades, artesanato, cultura, esportes (em atividades que aconte\u00e7am na terra, no c\u00e9u e nas \u00e1guas) e promovendo o desenvolvimento sustent\u00e1vel das atividades;<\/span><br style=\"color: #666666; font-family: Ubuntu, sans-serif; font-size: 14px; background-color: #ffffff;\" \/><span style=\"color: #666666; font-family: Ubuntu, sans-serif; font-size: 14px; background-color: #ffffff;\">VIII \u2013 participar e desenvolver planos, programas e projetos em parceira com organismos p\u00fablico, privado e organiza\u00e7\u00f5es n\u00e3o governamentais (3\u00ba setor), ao mesmo tempo, promover e facilitar interc\u00e2mbio com as entidades comprometidas com turismo e todas as suas modalidades, artesanato, cultura, sa\u00fade, esportes (em atividades que aconte\u00e7am na terra, no c\u00e9u e nas \u00e1guas), sustentabilidade e desenvolvimento social, quer no \u00e2mbito nacional ou internacional;<\/span><br style=\"color: #666666; font-family: Ubuntu, sans-serif; font-size: 14px; background-color: #ffffff;\" \/><span style=\"color: #666666; font-family: Ubuntu, sans-serif; font-size: 14px; background-color: #ffffff;\">IX \u2013 promover o engajamento das comunidades com o segmento da atividade turismo e todas as suas modalidades, artesanato, cultura e esportes, valorizando a rela\u00e7\u00e3o do homem com o ambiente, como foco de atratividade;<\/span><br style=\"color: #666666; font-family: Ubuntu, sans-serif; font-size: 14px; background-color: #ffffff;\" \/><span style=\"color: #666666; font-family: Ubuntu, sans-serif; font-size: 14px; background-color: #ffffff;\">X \u2013 estimular e apoiar debates com temas relevantes sobre turismo e todas as suas modalidades, artesanato, cultura, sa\u00fade, esportes (em atividades que aconte\u00e7am na terra, no c\u00e9u e nas \u00e1guas), sustentabilidade e desenvolvimento social;<\/span><br style=\"color: #666666; font-family: Ubuntu, sans-serif; font-size: 14px; background-color: #ffffff;\" \/><span style=\"color: #666666; font-family: Ubuntu, sans-serif; font-size: 14px; background-color: #ffffff;\">XI \u2013 estimular, apoiar e financiar a\u00e7\u00f5es e atividades voltadas para a qualifica\u00e7\u00e3o e capacita\u00e7\u00e3o de recursos humanos;<\/span><br style=\"color: #666666; font-family: Ubuntu, sans-serif; font-size: 14px; background-color: #ffffff;\" \/><span style=\"color: #666666; font-family: Ubuntu, sans-serif; font-size: 14px; background-color: #ffffff;\">XII \u2013 compatibilizar as atividades desenvolvidas com a conserva\u00e7\u00e3o de \u00e1reas naturais e como ve\u00edculo de educa\u00e7\u00e3o ambiental;<\/span><br style=\"color: #666666; font-family: Ubuntu, sans-serif; font-size: 14px; background-color: #ffffff;\" \/><span style=\"color: #666666; font-family: Ubuntu, sans-serif; font-size: 14px; background-color: #ffffff;\">XIII \u2013 promover, incentivar e estimular a cria\u00e7\u00e3o e a melhoria da infra-estrutura para as atividades relacionadas ao turismo e todas as suas modalidades, artesanato, cultura, sa\u00fade, esportes (em atividades que aconte\u00e7am na terra, no c\u00e9u e nas \u00e1guas), sustentabilidade e desenvolvimento social;<\/span><br style=\"color: #666666; font-family: Ubuntu, sans-serif; font-size: 14px; background-color: #ffffff;\" \/><span style=\"color: #666666; font-family: Ubuntu, sans-serif; font-size: 14px; background-color: #ffffff;\">XIV \u2013 oferecer est\u00e1gios e oportunidades \u00e0 forma\u00e7\u00e3o e qualifica\u00e7\u00e3o de acad\u00eamicos para as \u00e1reas afins;<\/span><br style=\"color: #666666; font-family: Ubuntu, sans-serif; font-size: 14px; background-color: #ffffff;\" \/><span style=\"color: #666666; font-family: Ubuntu, sans-serif; font-size: 14px; background-color: #ffffff;\">XV \u2013 integrar a TERMAL aos programas e a\u00e7\u00f5es das diversas institui\u00e7\u00f5es que desenvolvem atividade de interesse do turismo e todas as suas modalidades, artesanato, cultura, sa\u00fade, esportes (em atividades que aconte\u00e7am na terra, no c\u00e9u e nas \u00e1guas), sustentabilidade e desenvolvimento social;<\/span><br style=\"color: #666666; font-family: Ubuntu, sans-serif; font-size: 14px; background-color: #ffffff;\" \/><span style=\"color: #666666; font-family: Ubuntu, sans-serif; font-size: 14px; background-color: #ffffff;\">XVI \u2013 atuar no fomento do lazer educacional por meio da educa\u00e7\u00e3o ambiental, com recrea\u00e7\u00e3o, interpreta\u00e7\u00e3o e est\u00edmulo ao conhecimento da biodiversidade;<\/span><br style=\"color: #666666; font-family: Ubuntu, sans-serif; font-size: 14px; background-color: #ffffff;\" \/><span style=\"color: #666666; font-family: Ubuntu, sans-serif; font-size: 14px; background-color: #ffffff;\">XVII \u2013 promover e apoiar estudos, pesquisas, produ\u00e7\u00e3o e divulga\u00e7\u00e3o de informa\u00e7\u00f5es, conhecimento e tecnologias que dizem respeito ao fortalecimento e qualidade, no turismo e todas as suas modalidades, artesanato, cultura, sa\u00fade, esportes (em atividades que aconte\u00e7am na terra, no c\u00e9u e nas \u00e1guas), sustentabilidade e desenvolvimento social;<\/span><br style=\"color: #666666; font-family: Ubuntu, sans-serif; font-size: 14px; background-color: #ffffff;\" \/><span style=\"color: #666666; font-family: Ubuntu, sans-serif; font-size: 14px; background-color: #ffffff;\">XVIII \u2013 estimular, apoiar e financiar trabalhos voltados a:<\/span><br style=\"color: #666666; font-family: Ubuntu, sans-serif; font-size: 14px; background-color: #ffffff;\" \/><span style=\"color: #666666; font-family: Ubuntu, sans-serif; font-size: 14px; background-color: #ffffff;\">a) fomento ao turismo e todas as suas modalidades, artesanato, cultura, sa\u00fade, esportes (em atividades que aconte\u00e7am na terra, no c\u00e9u e nas \u00e1guas), sustentabilidade e desenvolvimento social;<\/span><br style=\"color: #666666; font-family: Ubuntu, sans-serif; font-size: 14px; background-color: #ffffff;\" \/><span style=\"color: #666666; font-family: Ubuntu, sans-serif; font-size: 14px; background-color: #ffffff;\">b) pesquisa t\u00e9cnica e mercadol\u00f3gica;<\/span><br style=\"color: #666666; font-family: Ubuntu, sans-serif; font-size: 14px; background-color: #ffffff;\" \/><span style=\"color: #666666; font-family: Ubuntu, sans-serif; font-size: 14px; background-color: #ffffff;\">c) informa\u00e7\u00e3o e divulga\u00e7\u00e3o;<\/span><br style=\"color: #666666; font-family: Ubuntu, sans-serif; font-size: 14px; background-color: #ffffff;\" \/><span style=\"color: #666666; font-family: Ubuntu, sans-serif; font-size: 14px; background-color: #ffffff;\">d) Fomento ao empreendedorismo;<\/span><br style=\"color: #666666; font-family: Ubuntu, sans-serif; font-size: 14px; background-color: #ffffff;\" \/><span style=\"color: #666666; font-family: Ubuntu, sans-serif; font-size: 14px; background-color: #ffffff;\">e) organiza\u00e7\u00e3o e fortalecimento institucional;<\/span><br style=\"color: #666666; font-family: Ubuntu, sans-serif; font-size: 14px; background-color: #ffffff;\" \/><span style=\"color: #666666; font-family: Ubuntu, sans-serif; font-size: 14px; background-color: #ffffff;\">f) preserva\u00e7\u00e3o e conserva\u00e7\u00e3o do patrim\u00f4nio cultural e ambiental local e regional;<\/span><br style=\"color: #666666; font-family: Ubuntu, sans-serif; font-size: 14px; background-color: #ffffff;\" \/><span style=\"color: #666666; font-family: Ubuntu, sans-serif; font-size: 14px; background-color: #ffffff;\">g) incentivar o aperfei\u00e7oamento e promo\u00e7\u00e3o do artesanato local e da arte popular;<\/span><br style=\"color: #666666; font-family: Ubuntu, sans-serif; font-size: 14px; background-color: #ffffff;\" \/><span style=\"color: #666666; font-family: Ubuntu, sans-serif; font-size: 14px; background-color: #ffffff;\">h) incentivar e apoiar a cria\u00e7\u00e3o de \u00e1reas de preserva\u00e7\u00e3o ambiental: RPPN, APAs e similares.<\/span><br style=\"color: #666666; font-family: Ubuntu, sans-serif; font-size: 14px; background-color: #ffffff;\" \/><span style=\"color: #666666; font-family: Ubuntu, sans-serif; font-size: 14px; background-color: #ffffff;\">Par\u00e1grafo I \u2013 A TERMAL n\u00e3o distribui entre os seus s\u00f3cios ou associados, conselheiros, diretores, empregados ou doadores eventuais excedentes operacionais, brutos ou l\u00edquidos, dividendos, bonifica\u00e7\u00f5es, participa\u00e7\u00f5es ou parcelas do seu patrim\u00f4nio, auferidos mediante o exerc\u00edcio de suas atividades, e os aplica integralmente na consecu\u00e7\u00e3o do seu objetivo social.<\/span><br style=\"color: #666666; font-family: Ubuntu, sans-serif; font-size: 14px; background-color: #ffffff;\" \/><span style=\"color: #666666; font-family: Ubuntu, sans-serif; font-size: 14px; background-color: #ffffff;\">Par\u00e1grafo II \u2013 Suas atividades se dar\u00e3o por meio da doa\u00e7\u00e3o de recursos f\u00edsicos, humanos e financeiros, ou presta\u00e7\u00e3o de servi\u00e7os intermedi\u00e1rios de apoio a outras organiza\u00e7\u00f5es sem fins lucrativos e a \u00f3rg\u00e3os do setor p\u00fablico que atuam em \u00e1reas afins. (Lei 9.790\/99, par\u00e1grafo \u00fanico do art. 3\u00ba)<\/span><br style=\"color: #666666; font-family: Ubuntu, sans-serif; font-size: 14px; background-color: #ffffff;\" \/><span style=\"color: #666666; font-family: Ubuntu, sans-serif; font-size: 14px; background-color: #ffffff;\">Par\u00e1grafo III \u2013 Para alcan\u00e7ar e executar os objetivos definidos neste estatuto, A TERMAL, poder\u00e1 contratar os servi\u00e7os de profissionais especializados, inclusive atrav\u00e9s de pessoas jur\u00eddicas, firmar conv\u00eanios com pessoas jur\u00eddicas do direto p\u00fablico e privado, bem como pessoas f\u00edsicas, e outros instrumentos legais, objetivando estabelecer parcerias com empresas p\u00fablicas e privadas, \u00f3rg\u00e3os p\u00fablicos, organismos internacionais, funda\u00e7\u00f5es p\u00fablicas e privadas, universidades e outras institui\u00e7\u00f5es afins, nacionais e estrangeiras.<\/span><br style=\"color: #666666; font-family: Ubuntu, sans-serif; font-size: 14px; background-color: #ffffff;\" \/><span style=\"color: #666666; font-family: Ubuntu, sans-serif; font-size: 14px; background-color: #ffffff;\">Art. 3\u00ba. No desenvolvimento de suas atividades, a TERMAL observar\u00e1 os princ\u00edpios da legalidade, impessoalidade, moralidade, publicidade, economicidade e da efici\u00eancia e n\u00e3o far\u00e1 qualquer discrimina\u00e7\u00e3o de ra\u00e7a, cor, g\u00eanero ou religi\u00e3o.<\/span><br style=\"color: #666666; font-family: Ubuntu, sans-serif; font-size: 14px; background-color: #ffffff;\" \/><span style=\"color: #666666; font-family: Ubuntu, sans-serif; font-size: 14px; background-color: #ffffff;\">Par\u00e1grafo \u00danico \u2013 A TERMAL se dedica \u00e0s suas atividades por meio da execu\u00e7\u00e3o direta de projetos, programas ou planos de a\u00e7\u00f5es, por meio da doa\u00e7\u00e3o de recursos f\u00edsicos, humanos e financeiros, ou presta\u00e7\u00e3o de servi\u00e7os intermedi\u00e1rios de apoio a outras organiza\u00e7\u00f5es sem fins lucrativos e a \u00f3rg\u00e3os do setor p\u00fablico que atuam em \u00e1reas afins.<\/span><br style=\"color: #666666; font-family: Ubuntu, sans-serif; font-size: 14px; background-color: #ffffff;\" \/><span style=\"color: #666666; font-family: Ubuntu, sans-serif; font-size: 14px; background-color: #ffffff;\">Art. 4\u00ba. A TERMAL ter\u00e1 um Regimento Interno que, aprovado pela Assembleia Geral, disciplinar\u00e1 o seu funcionamento.<\/span><br style=\"color: #666666; font-family: Ubuntu, sans-serif; font-size: 14px; background-color: #ffffff;\" \/><span style=\"color: #666666; font-family: Ubuntu, sans-serif; font-size: 14px; background-color: #ffffff;\">Par\u00e1grafo \u00danico \u2013 Os servi\u00e7os de educa\u00e7\u00e3o ou de sa\u00fade a que a entidade eventualmente se dedique, ser\u00e3o prestados de forma inteiramente gratuita e com recursos pr\u00f3prios, vedado o seu condicionamento a qualquer doa\u00e7\u00e3o, contrapartida ou equivalente.<\/span><br style=\"color: #666666; font-family: Ubuntu, sans-serif; font-size: 14px; background-color: #ffffff;\" \/><span style=\"color: #666666; font-family: Ubuntu, sans-serif; font-size: 14px; background-color: #ffffff;\">Cap\u00edtulo II \u2013 DOS S\u00d3CIOS<\/span><br style=\"color: #666666; font-family: Ubuntu, sans-serif; font-size: 14px; background-color: #ffffff;\" \/><span style=\"color: #666666; font-family: Ubuntu, sans-serif; font-size: 14px; background-color: #ffffff;\">Art.5\u00ba. A TERMAL \u00e9 constitu\u00edda por n\u00famero ilimitado de s\u00f3cios, distribu\u00eddos nas seguintes categorias: fundadores, efetivos, colaboradores, benem\u00e9ritos e aprendizes.<\/span><br style=\"color: #666666; font-family: Ubuntu, sans-serif; font-size: 14px; background-color: #ffffff;\" \/><span style=\"color: #666666; font-family: Ubuntu, sans-serif; font-size: 14px; background-color: #ffffff;\">Art. 6\u00ba. Ser\u00e3o s\u00f3cios fundadores os que assinarem a Ata de Funda\u00e7\u00e3o da TERMAL.<\/span><br style=\"color: #666666; font-family: Ubuntu, sans-serif; font-size: 14px; background-color: #ffffff;\" \/><span style=\"color: #666666; font-family: Ubuntu, sans-serif; font-size: 14px; background-color: #ffffff;\">Art. 7\u00ba. Ser\u00e3o s\u00f3cios efetivos aqueles brevetados pela Comiss\u00e3o T\u00e9cnica da TERMAL.<\/span><br style=\"color: #666666; font-family: Ubuntu, sans-serif; font-size: 14px; background-color: #ffffff;\" \/><span style=\"color: #666666; font-family: Ubuntu, sans-serif; font-size: 14px; background-color: #ffffff;\">Art. 8\u00ba. Poder\u00e3o ser s\u00f3cios colaboradores aqueles assim aceitos pela Diretoria.<\/span><br style=\"color: #666666; font-family: Ubuntu, sans-serif; font-size: 14px; background-color: #ffffff;\" \/><span style=\"color: #666666; font-family: Ubuntu, sans-serif; font-size: 14px; background-color: #ffffff;\">Art. 9\u00ba. Ser\u00e3o s\u00f3cios benem\u00e9ritos \u00e0queles que por terem concedido a TERMAL, relevantes contribui\u00e7\u00f5es de bens, tenham sido indicados por um ou mais s\u00f3cios. A admiss\u00e3o do s\u00f3cio<\/span><br style=\"color: #666666; font-family: Ubuntu, sans-serif; font-size: 14px; background-color: #ffffff;\" \/><span style=\"color: #666666; font-family: Ubuntu, sans-serif; font-size: 14px; background-color: #ffffff;\">benem\u00e9rito se far\u00e1 por decis\u00e3o em Assembleia Geral, especialmente convocada para esse fim.<\/span><br style=\"color: #666666; font-family: Ubuntu, sans-serif; font-size: 14px; background-color: #ffffff;\" \/><span style=\"color: #666666; font-family: Ubuntu, sans-serif; font-size: 14px; background-color: #ffffff;\">Art. 10\u00ba. S\u00e3o direitos dos s\u00f3cios fundadores e efetivos quites com suas obriga\u00e7\u00f5es sociais:<\/span><br style=\"color: #666666; font-family: Ubuntu, sans-serif; font-size: 14px; background-color: #ffffff;\" \/><span style=\"color: #666666; font-family: Ubuntu, sans-serif; font-size: 14px; background-color: #ffffff;\">I \u2013 votar e ser votado para os cargos eletivos,<\/span><br style=\"color: #666666; font-family: Ubuntu, sans-serif; font-size: 14px; background-color: #ffffff;\" \/><span style=\"color: #666666; font-family: Ubuntu, sans-serif; font-size: 14px; background-color: #ffffff;\">II \u2013 tomar parte nas Assembleias Gerais;<\/span><br style=\"color: #666666; font-family: Ubuntu, sans-serif; font-size: 14px; background-color: #ffffff;\" \/><span style=\"color: #666666; font-family: Ubuntu, sans-serif; font-size: 14px; background-color: #ffffff;\">Art.11\u00ba. S\u00e3o deveres dos s\u00f3cios:<\/span><br style=\"color: #666666; font-family: Ubuntu, sans-serif; font-size: 14px; background-color: #ffffff;\" \/><span style=\"color: #666666; font-family: Ubuntu, sans-serif; font-size: 14px; background-color: #ffffff;\">I \u2013 cumprir as disposi\u00e7\u00f5es estatut\u00e1rias e regimentais;<\/span><br style=\"color: #666666; font-family: Ubuntu, sans-serif; font-size: 14px; background-color: #ffffff;\" \/><span style=\"color: #666666; font-family: Ubuntu, sans-serif; font-size: 14px; background-color: #ffffff;\">II \u2013 acatar as decis\u00f5es da Diretoria;<\/span><br style=\"color: #666666; font-family: Ubuntu, sans-serif; font-size: 14px; background-color: #ffffff;\" \/><span style=\"color: #666666; font-family: Ubuntu, sans-serif; font-size: 14px; background-color: #ffffff;\">Art.12\u00ba. Os s\u00f3cios n\u00e3o respondem, nem mesmo subsidiariamente, pelos encargos da Institui\u00e7\u00e3o.<\/span><br style=\"color: #666666; font-family: Ubuntu, sans-serif; font-size: 14px; background-color: #ffffff;\" \/><span style=\"color: #666666; font-family: Ubuntu, sans-serif; font-size: 14px; background-color: #ffffff;\">Cap\u00edtulo III \u2013 DA ADMINISTRA\u00c7\u00c3O<\/span><br style=\"color: #666666; font-family: Ubuntu, sans-serif; font-size: 14px; background-color: #ffffff;\" \/><span style=\"color: #666666; font-family: Ubuntu, sans-serif; font-size: 14px; background-color: #ffffff;\">Art. 13\u00ba. A TERMAL ser\u00e1 administrada por:<\/span><br style=\"color: #666666; font-family: Ubuntu, sans-serif; font-size: 14px; background-color: #ffffff;\" \/><span style=\"color: #666666; font-family: Ubuntu, sans-serif; font-size: 14px; background-color: #ffffff;\">I \u2013 Assembleia Geral;<\/span><br style=\"color: #666666; font-family: Ubuntu, sans-serif; font-size: 14px; background-color: #ffffff;\" \/><span style=\"color: #666666; font-family: Ubuntu, sans-serif; font-size: 14px; background-color: #ffffff;\">II \u2013 Diretoria;<\/span><br style=\"color: #666666; font-family: Ubuntu, sans-serif; font-size: 14px; background-color: #ffffff;\" \/><span style=\"color: #666666; font-family: Ubuntu, sans-serif; font-size: 14px; background-color: #ffffff;\">III- Conselho Fiscal.<\/span><br style=\"color: #666666; font-family: Ubuntu, sans-serif; font-size: 14px; background-color: #ffffff;\" \/><span style=\"color: #666666; font-family: Ubuntu, sans-serif; font-size: 14px; background-color: #ffffff;\">A Institui\u00e7\u00e3o n\u00e3o remunera, sob qualquer forma, os cargos de sua Diretoria e do Conselho Fiscal, bem como as atividades de seus s\u00f3cios, cujas atua\u00e7\u00f5es s\u00e3o inteiramente gratuitas.<\/span><br style=\"color: #666666; font-family: Ubuntu, sans-serif; font-size: 14px; background-color: #ffffff;\" \/><span style=\"color: #666666; font-family: Ubuntu, sans-serif; font-size: 14px; background-color: #ffffff;\">Art. 14\u00ba. A Assembleia Geral, \u00f3rg\u00e3o soberano da Institui\u00e7\u00e3o, se constituir\u00e1 dos s\u00f3cios em pleno gozo de seus direitos estatut\u00e1rios.<\/span><br style=\"color: #666666; font-family: Ubuntu, sans-serif; font-size: 14px; background-color: #ffffff;\" \/><span style=\"color: #666666; font-family: Ubuntu, sans-serif; font-size: 14px; background-color: #ffffff;\">Art. 15\u00ba. Compete \u00e0 Assembleia Geral:<\/span><br style=\"color: #666666; font-family: Ubuntu, sans-serif; font-size: 14px; background-color: #ffffff;\" \/><span style=\"color: #666666; font-family: Ubuntu, sans-serif; font-size: 14px; background-color: #ffffff;\">I \u2013 eleger a Diretoria e o Conselho Fiscal;<\/span><br style=\"color: #666666; font-family: Ubuntu, sans-serif; font-size: 14px; background-color: #ffffff;\" \/><span style=\"color: #666666; font-family: Ubuntu, sans-serif; font-size: 14px; background-color: #ffffff;\">II \u2013 decidir sobre reformas do Estatuto, na forma do art. 33;<\/span><br style=\"color: #666666; font-family: Ubuntu, sans-serif; font-size: 14px; background-color: #ffffff;\" \/><span style=\"color: #666666; font-family: Ubuntu, sans-serif; font-size: 14px; background-color: #ffffff;\">III \u2013 decidir sobre a extin\u00e7\u00e3o da Institui\u00e7\u00e3o, nos termos do art 32;<\/span><br style=\"color: #666666; font-family: Ubuntu, sans-serif; font-size: 14px; background-color: #ffffff;\" \/><span style=\"color: #666666; font-family: Ubuntu, sans-serif; font-size: 14px; background-color: #ffffff;\">IV \u2013 decidir sobre a conveni\u00eancia de alienar, transigir, hipotecar ou permutar bens patrimoniais;<\/span><br style=\"color: #666666; font-family: Ubuntu, sans-serif; font-size: 14px; background-color: #ffffff;\" \/><span style=\"color: #666666; font-family: Ubuntu, sans-serif; font-size: 14px; background-color: #ffffff;\">V \u2013 aprovar o Regimento Interno;<\/span><br style=\"color: #666666; font-family: Ubuntu, sans-serif; font-size: 14px; background-color: #ffffff;\" \/><span style=\"color: #666666; font-family: Ubuntu, sans-serif; font-size: 14px; background-color: #ffffff;\">Art. 16\u00ba. A Assembleia Geral se realizar\u00e1, ordinariamente, uma vez por ano para:<\/span><br style=\"color: #666666; font-family: Ubuntu, sans-serif; font-size: 14px; background-color: #ffffff;\" \/><span style=\"color: #666666; font-family: Ubuntu, sans-serif; font-size: 14px; background-color: #ffffff;\">I \u2013 aprovar a proposta de programa\u00e7\u00e3o anual da Institui\u00e7\u00e3o, submetida pela Diretoria;<\/span><br style=\"color: #666666; font-family: Ubuntu, sans-serif; font-size: 14px; background-color: #ffffff;\" \/><span style=\"color: #666666; font-family: Ubuntu, sans-serif; font-size: 14px; background-color: #ffffff;\">II \u2013 apreciar o relat\u00f3rio anual da Diretoria;<\/span><br style=\"color: #666666; font-family: Ubuntu, sans-serif; font-size: 14px; background-color: #ffffff;\" \/><span style=\"color: #666666; font-family: Ubuntu, sans-serif; font-size: 14px; background-color: #ffffff;\">III- discutir e homologar as contas e o balan\u00e7o aprovado pelo Conselho Fiscal;<\/span><br style=\"color: #666666; font-family: Ubuntu, sans-serif; font-size: 14px; background-color: #ffffff;\" \/><span style=\"color: #666666; font-family: Ubuntu, sans-serif; font-size: 14px; background-color: #ffffff;\">Art. 17\u00ba. A Assembleia Geral se realizar\u00e1, extraordinariamente, quando convocada:<\/span><br style=\"color: #666666; font-family: Ubuntu, sans-serif; font-size: 14px; background-color: #ffffff;\" \/><span style=\"color: #666666; font-family: Ubuntu, sans-serif; font-size: 14px; background-color: #ffffff;\">I \u2013 pela Diretoria;<\/span><br style=\"color: #666666; font-family: Ubuntu, sans-serif; font-size: 14px; background-color: #ffffff;\" \/><span style=\"color: #666666; font-family: Ubuntu, sans-serif; font-size: 14px; background-color: #ffffff;\">II \u2013 pelo Conselho Fiscal;<\/span><br style=\"color: #666666; font-family: Ubuntu, sans-serif; font-size: 14px; background-color: #ffffff;\" \/><span style=\"color: #666666; font-family: Ubuntu, sans-serif; font-size: 14px; background-color: #ffffff;\">III \u2013 por requerimento de 10 (dez) s\u00f3cios quites com as obriga\u00e7\u00f5es sociais.<\/span><br style=\"color: #666666; font-family: Ubuntu, sans-serif; font-size: 14px; background-color: #ffffff;\" \/><span style=\"color: #666666; font-family: Ubuntu, sans-serif; font-size: 14px; background-color: #ffffff;\">Art.18\u00ba. A convoca\u00e7\u00e3o da Assembleia Geral ser\u00e1 feita por meio de edital afixado na sede da Institui\u00e7\u00e3o e\/ou publicado na imprensa local, por circulares ou outros meios convenientes,com anteced\u00eancia m\u00ednima de 15 dias.<\/span><br style=\"color: #666666; font-family: Ubuntu, sans-serif; font-size: 14px; background-color: #ffffff;\" \/><span style=\"color: #666666; font-family: Ubuntu, sans-serif; font-size: 14px; background-color: #ffffff;\">Par\u00e1grafo \u00danico \u2013 Qualquer Assembleia se instalar\u00e1 em primeira convoca\u00e7\u00e3o com a maioria dos s\u00f3cios e, em segunda convoca\u00e7\u00e3o, com qualquer n\u00famero.<\/span><br style=\"color: #666666; font-family: Ubuntu, sans-serif; font-size: 14px; background-color: #ffffff;\" \/><span style=\"color: #666666; font-family: Ubuntu, sans-serif; font-size: 14px; background-color: #ffffff;\">Art. 19\u00ba. A institui\u00e7\u00e3o adotar\u00e1 pr\u00e1ticas de gest\u00e3o administrativa, necess\u00e1rias e suficientes, a coibir a obten\u00e7\u00e3o, de forma individual ou coletiva, de benef\u00edcios e vantagens pessoais, em decorr\u00eancia da participa\u00e7\u00e3o nos processos decis\u00f3rios.<\/span><br style=\"color: #666666; font-family: Ubuntu, sans-serif; font-size: 14px; background-color: #ffffff;\" \/><span style=\"color: #666666; font-family: Ubuntu, sans-serif; font-size: 14px; background-color: #ffffff;\">Art. 20\u00ba. A Diretoria ser\u00e1 constitu\u00edda por um Presidente, um Secret\u00e1rio e um Tesoureiro. \u00a7 1\u00ba \u2013 O mandato da Diretoria ser\u00e1 de 2 (dois) anos, sendo vedada mais de uma reelei\u00e7\u00e3o consecutiva.<\/span><br style=\"color: #666666; font-family: Ubuntu, sans-serif; font-size: 14px; background-color: #ffffff;\" \/><span style=\"color: #666666; font-family: Ubuntu, sans-serif; font-size: 14px; background-color: #ffffff;\">\u00a7 2\u00ba \u2013 N\u00e3o poder\u00e3o ser eleitos para os cargos de diretoria da entidade os s\u00f3cios que exer\u00e7am cargos, empregos ou fun\u00e7\u00f5es p\u00fablicas junto aos \u00f3rg\u00e3os do Poder P\u00fablico.<\/span><br style=\"color: #666666; font-family: Ubuntu, sans-serif; font-size: 14px; background-color: #ffffff;\" \/><span style=\"color: #666666; font-family: Ubuntu, sans-serif; font-size: 14px; background-color: #ffffff;\">Art.21\u00ba. Compete \u00e0 Diretoria:<\/span><br style=\"color: #666666; font-family: Ubuntu, sans-serif; font-size: 14px; background-color: #ffffff;\" \/><span style=\"color: #666666; font-family: Ubuntu, sans-serif; font-size: 14px; background-color: #ffffff;\">I \u2013 elaborar e submeter \u00e0 Assembleia Geral a proposta de programa\u00e7\u00e3o anual da Institui\u00e7\u00e3o;<\/span><br style=\"color: #666666; font-family: Ubuntu, sans-serif; font-size: 14px; background-color: #ffffff;\" \/><span style=\"color: #666666; font-family: Ubuntu, sans-serif; font-size: 14px; background-color: #ffffff;\">II \u2013 executar a programa\u00e7\u00e3o anual de atividades da Institui\u00e7\u00e3o;<\/span><br style=\"color: #666666; font-family: Ubuntu, sans-serif; font-size: 14px; background-color: #ffffff;\" \/><span style=\"color: #666666; font-family: Ubuntu, sans-serif; font-size: 14px; background-color: #ffffff;\">III \u2013 elaborar e apresentar \u00e0 Assembleia Geral o relat\u00f3rio anual;<\/span><br style=\"color: #666666; font-family: Ubuntu, sans-serif; font-size: 14px; background-color: #ffffff;\" \/><span style=\"color: #666666; font-family: Ubuntu, sans-serif; font-size: 14px; background-color: #ffffff;\">IV- reunir-se com institui\u00e7\u00f5es p\u00fablicas e privadas para m\u00fatua colabora\u00e7\u00e3o em atividades de interesse comum;<\/span><br style=\"color: #666666; font-family: Ubuntu, sans-serif; font-size: 14px; background-color: #ffffff;\" \/><span style=\"color: #666666; font-family: Ubuntu, sans-serif; font-size: 14px; background-color: #ffffff;\">V- contratar e demitir funcion\u00e1rios;<\/span><br style=\"color: #666666; font-family: Ubuntu, sans-serif; font-size: 14px; background-color: #ffffff;\" \/><span style=\"color: #666666; font-family: Ubuntu, sans-serif; font-size: 14px; background-color: #ffffff;\">Art.22\u00ba. A Diretoria se reunir\u00e1 a cada 3 (tr\u00eas) meses.<\/span><br style=\"color: #666666; font-family: Ubuntu, sans-serif; font-size: 14px; background-color: #ffffff;\" \/><span style=\"color: #666666; font-family: Ubuntu, sans-serif; font-size: 14px; background-color: #ffffff;\">Art. 23\u00ba. Compete ao Presidente:<\/span><br style=\"color: #666666; font-family: Ubuntu, sans-serif; font-size: 14px; background-color: #ffffff;\" \/><span style=\"color: #666666; font-family: Ubuntu, sans-serif; font-size: 14px; background-color: #ffffff;\">I \u2013 representar a TERMAL judicial e extra-judicialmente;<\/span><br style=\"color: #666666; font-family: Ubuntu, sans-serif; font-size: 14px; background-color: #ffffff;\" \/><span style=\"color: #666666; font-family: Ubuntu, sans-serif; font-size: 14px; background-color: #ffffff;\">II- cumprir e fazer cumprir este Estatuto e o Regimento Interno;<\/span><br style=\"color: #666666; font-family: Ubuntu, sans-serif; font-size: 14px; background-color: #ffffff;\" \/><span style=\"color: #666666; font-family: Ubuntu, sans-serif; font-size: 14px; background-color: #ffffff;\">III- presidir a Assembleia Geral;<\/span><br style=\"color: #666666; font-family: Ubuntu, sans-serif; font-size: 14px; background-color: #ffffff;\" \/><span style=\"color: #666666; font-family: Ubuntu, sans-serif; font-size: 14px; background-color: #ffffff;\">IV- convocar e presidir as reuni\u00f5es da Diretoria.<\/span><br style=\"color: #666666; font-family: Ubuntu, sans-serif; font-size: 14px; background-color: #ffffff;\" \/><span style=\"color: #666666; font-family: Ubuntu, sans-serif; font-size: 14px; background-color: #ffffff;\">Art.24\u00ba. Compete ao Secret\u00e1rio:<\/span><br style=\"color: #666666; font-family: Ubuntu, sans-serif; font-size: 14px; background-color: #ffffff;\" \/><span style=\"color: #666666; font-family: Ubuntu, sans-serif; font-size: 14px; background-color: #ffffff;\">I \u2013 secretariar as reuni\u00f5es da Diretoria e da Assembleia Geral e redigir as atas;<\/span><br style=\"color: #666666; font-family: Ubuntu, sans-serif; font-size: 14px; background-color: #ffffff;\" \/><span style=\"color: #666666; font-family: Ubuntu, sans-serif; font-size: 14px; background-color: #ffffff;\">II \u2013 publicar todas as not\u00edcias das atividades da entidade.<\/span><br style=\"color: #666666; font-family: Ubuntu, sans-serif; font-size: 14px; background-color: #ffffff;\" \/><span style=\"color: #666666; font-family: Ubuntu, sans-serif; font-size: 14px; background-color: #ffffff;\">Art. 25\u00ba. Compete ao Tesoureiro:<\/span><br style=\"color: #666666; font-family: Ubuntu, sans-serif; font-size: 14px; background-color: #ffffff;\" \/><span style=\"color: #666666; font-family: Ubuntu, sans-serif; font-size: 14px; background-color: #ffffff;\">I \u2013 arrecadar e contabilizar as contribui\u00e7\u00f5es dos associados, rendas, aux\u00edlios e donativos, mantendo em dia a escritura\u00e7\u00e3o da Institui\u00e7\u00e3o;<\/span><br style=\"color: #666666; font-family: Ubuntu, sans-serif; font-size: 14px; background-color: #ffffff;\" \/><span style=\"color: #666666; font-family: Ubuntu, sans-serif; font-size: 14px; background-color: #ffffff;\">II- pagar as contas autorizadas pelo Presidente;<\/span><br style=\"color: #666666; font-family: Ubuntu, sans-serif; font-size: 14px; background-color: #ffffff;\" \/><span style=\"color: #666666; font-family: Ubuntu, sans-serif; font-size: 14px; background-color: #ffffff;\">III- apresentar relat\u00f3rios de receitas e despesas, sempre que forem solicitados;<\/span><br style=\"color: #666666; font-family: Ubuntu, sans-serif; font-size: 14px; background-color: #ffffff;\" \/><span style=\"color: #666666; font-family: Ubuntu, sans-serif; font-size: 14px; background-color: #ffffff;\">IV- apresentar ao Conselho Fiscal a escritura\u00e7\u00e3o da Institui\u00e7\u00e3o, incluindo os relat\u00f3rios de desempenho financeiro e cont\u00e1bil e sobre as opera\u00e7\u00f5es patrimoniais realizadas;<\/span><br style=\"color: #666666; font-family: Ubuntu, sans-serif; font-size: 14px; background-color: #ffffff;\" \/><span style=\"color: #666666; font-family: Ubuntu, sans-serif; font-size: 14px; background-color: #ffffff;\">V- conservar, sob sua guarda e responsabilidade, os documentos relativos \u00e0 tesouraria;<\/span><br style=\"color: #666666; font-family: Ubuntu, sans-serif; font-size: 14px; background-color: #ffffff;\" \/><span style=\"color: #666666; font-family: Ubuntu, sans-serif; font-size: 14px; background-color: #ffffff;\">VI- manter todo o numer\u00e1rio em estabelecimento de cr\u00e9dito; Art.26\u00ba. O Conselho Fiscal ser\u00e1 constitu\u00eddo por 3 (tr\u00eas) membros eleitos pela Assembleia Geral. \u00a7 1\u00ba O mandato do Conselho Fiscal ser\u00e1 coincidente com o mandato da Diretoria;<\/span><br style=\"color: #666666; font-family: Ubuntu, sans-serif; font-size: 14px; background-color: #ffffff;\" \/><span style=\"color: #666666; font-family: Ubuntu, sans-serif; font-size: 14px; background-color: #ffffff;\">Art.27\u00ba. Compete ao Conselho Fiscal:<\/span><br style=\"color: #666666; font-family: Ubuntu, sans-serif; font-size: 14px; background-color: #ffffff;\" \/><span style=\"color: #666666; font-family: Ubuntu, sans-serif; font-size: 14px; background-color: #ffffff;\">I \u2013 examinar os livros de escritura\u00e7\u00e3o da Institui\u00e7\u00e3o;<\/span><br style=\"color: #666666; font-family: Ubuntu, sans-serif; font-size: 14px; background-color: #ffffff;\" \/><span style=\"color: #666666; font-family: Ubuntu, sans-serif; font-size: 14px; background-color: #ffffff;\">II \u2013 opinar sobre os balan\u00e7os e relat\u00f3rios de desempenho financeiro e cont\u00e1bil e sobre as opera\u00e7\u00f5es patrimoniais realizadas, emitindo pareceres para os organismos superiores da entidade.<\/span><br style=\"color: #666666; font-family: Ubuntu, sans-serif; font-size: 14px; background-color: #ffffff;\" \/><span style=\"color: #666666; font-family: Ubuntu, sans-serif; font-size: 14px; background-color: #ffffff;\">III \u2013 requisitar ao Tesoureiro, a qualquer tempo, documenta\u00e7\u00e3o comprobat\u00f3ria das opera\u00e7\u00f5es econ\u00f4mico-financeiras realizadas pela Institui\u00e7\u00e3o;<\/span><br style=\"color: #666666; font-family: Ubuntu, sans-serif; font-size: 14px; background-color: #ffffff;\" \/><span style=\"color: #666666; font-family: Ubuntu, sans-serif; font-size: 14px; background-color: #ffffff;\">IV \u2013 acompanhar o trabalho de eventuais auditores externos independentes;<\/span><br style=\"color: #666666; font-family: Ubuntu, sans-serif; font-size: 14px; background-color: #ffffff;\" \/><span style=\"color: #666666; font-family: Ubuntu, sans-serif; font-size: 14px; background-color: #ffffff;\">V \u2013 convocar extraordinariamente a Assembleia Geral; Par\u00e1grafo \u00danico \u2013 O Conselho Fiscal se reunir\u00e1 ordinariamente a cada 6 (seis) meses e, extraordinariamente, sempre que necess\u00e1rio.<\/span><br style=\"color: #666666; font-family: Ubuntu, sans-serif; font-size: 14px; background-color: #ffffff;\" \/><span style=\"color: #666666; font-family: Ubuntu, sans-serif; font-size: 14px; background-color: #ffffff;\">Cap\u00edtulo IV \u2013 DO PATRIM\u00d4NIO<\/span><br style=\"color: #666666; font-family: Ubuntu, sans-serif; font-size: 14px; background-color: #ffffff;\" \/><span style=\"color: #666666; font-family: Ubuntu, sans-serif; font-size: 14px; background-color: #ffffff;\">Art. 28\u00ba. O patrim\u00f4nio da TERMAL ser\u00e1 constitu\u00eddo de bens m\u00f3veis, im\u00f3veis, ve\u00edculos, semoventes, a\u00e7\u00f5es e t\u00edtulos da d\u00edvida p\u00fablica.<\/span><br style=\"color: #666666; font-family: Ubuntu, sans-serif; font-size: 14px; background-color: #ffffff;\" \/><span style=\"color: #666666; font-family: Ubuntu, sans-serif; font-size: 14px; background-color: #ffffff;\">Art. 29\u00ba. No caso de dissolu\u00e7\u00e3o da Institui\u00e7\u00e3o, o respectivo patrim\u00f4nio l\u00edquido ser\u00e1 transferido a outra pessoa jur\u00eddica qualificada nos termos da Lei 9.790\/99, preferencialmente que tenha o mesmo objetivo social.<\/span><br style=\"color: #666666; font-family: Ubuntu, sans-serif; font-size: 14px; background-color: #ffffff;\" \/><span style=\"color: #666666; font-family: Ubuntu, sans-serif; font-size: 14px; background-color: #ffffff;\">Art. 30\u00ba. Na hip\u00f3tese da Institui\u00e7\u00e3o obter e, posteriormente, perder a qualifica\u00e7\u00e3o institu\u00edda pela Lei 9.790\/99, o acervo patrimonial dispon\u00edvel, adquirido com recursos p\u00fablicos durante o per\u00edodo em que perdurou aquela qualifica\u00e7\u00e3o, ser\u00e1 contabilmente apurado e transferido a outra pessoa jur\u00eddica qualificada nos termos da mesma Lei, preferencialmente que tenha o mesmo objetivo social.<\/span><br style=\"color: #666666; font-family: Ubuntu, sans-serif; font-size: 14px; background-color: #ffffff;\" \/><span style=\"color: #666666; font-family: Ubuntu, sans-serif; font-size: 14px; background-color: #ffffff;\">Cap\u00edtulo V \u2013 DA PRESTA\u00c7\u00c3O DE CONTAS<\/span><br style=\"color: #666666; font-family: Ubuntu, sans-serif; font-size: 14px; background-color: #ffffff;\" \/><span style=\"color: #666666; font-family: Ubuntu, sans-serif; font-size: 14px; background-color: #ffffff;\">Art. 31\u00ba. A presta\u00e7\u00e3o de contas da Institui\u00e7\u00e3o observar\u00e1 as seguintes normas:<\/span><br style=\"color: #666666; font-family: Ubuntu, sans-serif; font-size: 14px; background-color: #ffffff;\" \/><span style=\"color: #666666; font-family: Ubuntu, sans-serif; font-size: 14px; background-color: #ffffff;\">I \u2013 os princ\u00edpios fundamentais de contabilidade e as Normas Brasileiras de Contabilidade;<\/span><br style=\"color: #666666; font-family: Ubuntu, sans-serif; font-size: 14px; background-color: #ffffff;\" \/><span style=\"color: #666666; font-family: Ubuntu, sans-serif; font-size: 14px; background-color: #ffffff;\">II \u2013 a publicidade, por qualquer meio eficaz, no encerramento do exerc\u00edcio fiscal, ao relat\u00f3rio de atividades e das demonstra\u00e7\u00f5es financeiras da entidade, incluindo as certid\u00f5es negativas de d\u00e9bitos junto ao INSS e ao FGTS, colocando-os \u00e0 disposi\u00e7\u00e3o para o exame de qualquer cidad\u00e3o;<\/span><br style=\"color: #666666; font-family: Ubuntu, sans-serif; font-size: 14px; background-color: #ffffff;\" \/><span style=\"color: #666666; font-family: Ubuntu, sans-serif; font-size: 14px; background-color: #ffffff;\">III \u2013 a realiza\u00e7\u00e3o de auditoria, inclusive por auditores externos independentes se for o caso, da aplica\u00e7\u00e3o dos eventuais recursos objeto de Termo de Parceria, conforme previsto em regulamento;<\/span><br style=\"color: #666666; font-family: Ubuntu, sans-serif; font-size: 14px; background-color: #ffffff;\" \/><span style=\"color: #666666; font-family: Ubuntu, sans-serif; font-size: 14px; background-color: #ffffff;\">IV \u2013 a presta\u00e7\u00e3o de contas de todos os recursos e bens de origem p\u00fablica recebidos ser\u00e1 feita, conforme determina o par\u00e1grafo \u00fanico do Art. 70 da Constitui\u00e7\u00e3o Federal.<\/span><br style=\"color: #666666; font-family: Ubuntu, sans-serif; font-size: 14px; background-color: #ffffff;\" \/><span style=\"color: #666666; font-family: Ubuntu, sans-serif; font-size: 14px; background-color: #ffffff;\">Cap\u00edtulo VI \u2013 DAS DISPOSI\u00c7\u00d4ES GERAIS<\/span><br style=\"color: #666666; font-family: Ubuntu, sans-serif; font-size: 14px; background-color: #ffffff;\" \/><span style=\"color: #666666; font-family: Ubuntu, sans-serif; font-size: 14px; background-color: #ffffff;\">Art. 32\u00ba. A TERMAL ser\u00e1 dissolvida por decis\u00e3o da Assembleia Geral Extraordin\u00e1ria, especialmente convocada para esse fim, quando se tornar imposs\u00edvel \u00e0 continua\u00e7\u00e3o de suas atividades.<\/span><br style=\"color: #666666; font-family: Ubuntu, sans-serif; font-size: 14px; background-color: #ffffff;\" \/><span style=\"color: #666666; font-family: Ubuntu, sans-serif; font-size: 14px; background-color: #ffffff;\">Art. 33\u00ba. O presente Estatuto poder\u00e1 ser reformado, a qualquer tempo, por decis\u00e3o da maioria absoluta dos s\u00f3cios, em Assembleia Geral especialmente convocada para esse fim, e entrar\u00e1 em vigor na data de seu registro em Cart\u00f3rio.<\/span><br style=\"color: #666666; font-family: Ubuntu, sans-serif; font-size: 14px; background-color: #ffffff;\" \/><span style=\"color: #666666; font-family: Ubuntu, sans-serif; font-size: 14px; background-color: #ffffff;\">Art. 34\u00ba. Os casos omissos ser\u00e3o resolvidos pela Diretoria e referendados pela Assembleia Geral.<\/span><span style=\"background-color: #ffffff; color: #666666; font-family: Ubuntu, sans-serif; font-size: 14px; font-weight: var( --e-global-typography-text-font-weight );\">Cap\u00edtulo I \u2013 DA DENOMINA\u00c7\u00c3O, SEDE E FINS<\/span><\/p>\n<p><span style=\"color: #666666; font-family: Ubuntu, sans-serif; font-size: 14px; background-color: #ffffff;\">Art. 1\u00ba. A TERMAL, constitu\u00edda em 14 de maio de 2005 sob a forma de associa\u00e7\u00e3o, \u00e9 uma pessoa jur\u00eddica de direito privado, sem fins lucrativos, e dura\u00e7\u00e3o por tempo indeterminado, com sede no munic\u00edpio de Castelo Estado do Esp\u00edrito Santo e foro neste mesmo Munic\u00edpio e Estado.<\/span><br style=\"color: #666666; font-family: Ubuntu, sans-serif; font-size: 14px; background-color: #ffffff;\" \/><span style=\"color: #666666; font-family: Ubuntu, sans-serif; font-size: 14px; background-color: #ffffff;\">Art. 2\u00ba. A TERMAL tem por finalidades:<\/span><br style=\"color: #666666; font-family: Ubuntu, sans-serif; font-size: 14px; background-color: #ffffff;\" \/><span style=\"color: #666666; font-family: Ubuntu, sans-serif; font-size: 14px; background-color: #ffffff;\">I- Promover o conceito a partir do desenvolvimento de estudos, projetos, semin\u00e1rios, congressos e eventos que realizem atividades do turismo e todas as suas modalidades, artesanato, cultura, sa\u00fade, esportes (em atividades que aconte\u00e7am na terra, no c\u00e9u e nas \u00e1guas), sustentabilidade e desenvolvimento social;<\/span><br style=\"color: #666666; font-family: Ubuntu, sans-serif; font-size: 14px; background-color: #ffffff;\" \/><span style=\"color: #666666; font-family: Ubuntu, sans-serif; font-size: 14px; background-color: #ffffff;\">II- Promover \u00e0 \u00e9tica, a cidadania, os direitos humanos, a democracia, e outros valores universais;<\/span><br style=\"color: #666666; font-family: Ubuntu, sans-serif; font-size: 14px; background-color: #ffffff;\" \/><span style=\"color: #666666; font-family: Ubuntu, sans-serif; font-size: 14px; background-color: #ffffff;\">III- Promover a defesa, preserva\u00e7\u00e3o e conserva\u00e7\u00e3o do meio ambiente e promo\u00e7\u00e3o do desenvolvimento sustent\u00e1vel. (Lei 9.790\/99, art.3\u00ba);<\/span><br style=\"color: #666666; font-family: Ubuntu, sans-serif; font-size: 14px; background-color: #ffffff;\" \/><span style=\"color: #666666; font-family: Ubuntu, sans-serif; font-size: 14px; background-color: #ffffff;\">VI \u2013 Projetar, promover e divulgar suas atividades junto \u00e0s Entidades P\u00fablicas e Privadas voltadas para a pr\u00e1tica do turismo e todas as suas modalidades, artesanato, cultura, sa\u00fade, esportes (em atividades que aconte\u00e7am na terra, no c\u00e9u e nas \u00e1guas), sustentabilidade e desenvolvimento social;<\/span><br style=\"color: #666666; font-family: Ubuntu, sans-serif; font-size: 14px; background-color: #ffffff;\" \/><span style=\"color: #666666; font-family: Ubuntu, sans-serif; font-size: 14px; background-color: #ffffff;\">V \u2013 Realizar os servi\u00e7os de utilidade para o turismo e todas as suas modalidades, artesanato, cultura, sa\u00fade, esportes (em atividades que aconte\u00e7am na terra, no c\u00e9u e nas \u00e1guas), sustentabilidade e desenvolvimento social;<\/span><br style=\"color: #666666; font-family: Ubuntu, sans-serif; font-size: 14px; background-color: #ffffff;\" \/><span style=\"color: #666666; font-family: Ubuntu, sans-serif; font-size: 14px; background-color: #ffffff;\">VI \u2013 conscientizar a sociedade para a import\u00e2ncia do turismo e todas as suas modalidades, artesanato, cultura, sa\u00fade, esportes (em atividades que aconte\u00e7am na terra, no c\u00e9u e nas \u00e1guas), sustentabilidade e desenvolvimento social, como instrumentos de crescimento s\u00f3cio-econ\u00f4mico, gera\u00e7\u00e3o de emprego e renda, amplia\u00e7\u00e3o de neg\u00f3cios e atrair novos empreendimentos para o desenvolvimento s\u00f3cio econ\u00f4mico, bem como a melhoria da qualidade de vida, preserva\u00e7\u00e3o e conserva\u00e7\u00e3o de seu patrim\u00f4nio natural e cultural;<\/span><br style=\"color: #666666; font-family: Ubuntu, sans-serif; font-size: 14px; background-color: #ffffff;\" \/><span style=\"color: #666666; font-family: Ubuntu, sans-serif; font-size: 14px; background-color: #ffffff;\">VII \u2013 incentivar e apoiar os munic\u00edpios que apresentam potencial para o turismo e todas as suas modalidades, artesanato, cultura, esportes (em atividades que aconte\u00e7am na terra, no c\u00e9u e nas \u00e1guas) e promovendo o desenvolvimento sustent\u00e1vel das atividades;<\/span><br style=\"color: #666666; font-family: Ubuntu, sans-serif; font-size: 14px; background-color: #ffffff;\" \/><span style=\"color: #666666; font-family: Ubuntu, sans-serif; font-size: 14px; background-color: #ffffff;\">VIII \u2013 participar e desenvolver planos, programas e projetos em parceira com organismos p\u00fablico, privado e organiza\u00e7\u00f5es n\u00e3o governamentais (3\u00ba setor), ao mesmo tempo, promover e facilitar interc\u00e2mbio com as entidades comprometidas com turismo e todas as suas modalidades, artesanato, cultura, sa\u00fade, esportes (em atividades que aconte\u00e7am na terra, no c\u00e9u e nas \u00e1guas), sustentabilidade e desenvolvimento social, quer no \u00e2mbito nacional ou internacional;<\/span><br style=\"color: #666666; font-family: Ubuntu, sans-serif; font-size: 14px; background-color: #ffffff;\" \/><span style=\"color: #666666; font-family: Ubuntu, sans-serif; font-size: 14px; background-color: #ffffff;\">IX \u2013 promover o engajamento das comunidades com o segmento da atividade turismo e todas as suas modalidades, artesanato, cultura e esportes, valorizando a rela\u00e7\u00e3o do homem com o ambiente, como foco de atratividade;<\/span><br style=\"color: #666666; font-family: Ubuntu, sans-serif; font-size: 14px; background-color: #ffffff;\" \/><span style=\"color: #666666; font-family: Ubuntu, sans-serif; font-size: 14px; background-color: #ffffff;\">X \u2013 estimular e apoiar debates com temas relevantes sobre turismo e todas as suas modalidades, artesanato, cultura, sa\u00fade, esportes (em atividades que aconte\u00e7am na terra, no c\u00e9u e nas \u00e1guas), sustentabilidade e desenvolvimento social;<\/span><br style=\"color: #666666; font-family: Ubuntu, sans-serif; font-size: 14px; background-color: #ffffff;\" \/><span style=\"color: #666666; font-family: Ubuntu, sans-serif; font-size: 14px; background-color: #ffffff;\">XI \u2013 estimular, apoiar e financiar a\u00e7\u00f5es e atividades voltadas para a qualifica\u00e7\u00e3o e capacita\u00e7\u00e3o de recursos humanos;<\/span><br style=\"color: #666666; font-family: Ubuntu, sans-serif; font-size: 14px; background-color: #ffffff;\" \/><span style=\"color: #666666; font-family: Ubuntu, sans-serif; font-size: 14px; background-color: #ffffff;\">XII \u2013 compatibilizar as atividades desenvolvidas com a conserva\u00e7\u00e3o de \u00e1reas naturais e como ve\u00edculo de educa\u00e7\u00e3o ambiental;<\/span><br style=\"color: #666666; font-family: Ubuntu, sans-serif; font-size: 14px; background-color: #ffffff;\" \/><span style=\"color: #666666; font-family: Ubuntu, sans-serif; font-size: 14px; background-color: #ffffff;\">XIII \u2013 promover, incentivar e estimular a cria\u00e7\u00e3o e a melhoria da infra-estrutura para as atividades relacionadas ao turismo e todas as suas modalidades, artesanato, cultura, sa\u00fade, esportes (em atividades que aconte\u00e7am na terra, no c\u00e9u e nas \u00e1guas), sustentabilidade e desenvolvimento social;<\/span><br style=\"color: #666666; font-family: Ubuntu, sans-serif; font-size: 14px; background-color: #ffffff;\" \/><span style=\"color: #666666; font-family: Ubuntu, sans-serif; font-size: 14px; background-color: #ffffff;\">XIV \u2013 oferecer est\u00e1gios e oportunidades \u00e0 forma\u00e7\u00e3o e qualifica\u00e7\u00e3o de acad\u00eamicos para as \u00e1reas afins;<\/span><br style=\"color: #666666; font-family: Ubuntu, sans-serif; font-size: 14px; background-color: #ffffff;\" \/><span style=\"color: #666666; font-family: Ubuntu, sans-serif; font-size: 14px; background-color: #ffffff;\">XV \u2013 integrar a TERMAL aos programas e a\u00e7\u00f5es das diversas institui\u00e7\u00f5es que desenvolvem atividade de interesse do turismo e todas as suas modalidades, artesanato, cultura, sa\u00fade, esportes (em atividades que aconte\u00e7am na terra, no c\u00e9u e nas \u00e1guas), sustentabilidade e desenvolvimento social;<\/span><br style=\"color: #666666; font-family: Ubuntu, sans-serif; font-size: 14px; background-color: #ffffff;\" \/><span style=\"color: #666666; font-family: Ubuntu, sans-serif; font-size: 14px; background-color: #ffffff;\">XVI \u2013 atuar no fomento do lazer educacional por meio da educa\u00e7\u00e3o ambiental, com recrea\u00e7\u00e3o, interpreta\u00e7\u00e3o e est\u00edmulo ao conhecimento da biodiversidade;<\/span><br style=\"color: #666666; font-family: Ubuntu, sans-serif; font-size: 14px; background-color: #ffffff;\" \/><span style=\"color: #666666; font-family: Ubuntu, sans-serif; font-size: 14px; background-color: #ffffff;\">XVII \u2013 promover e apoiar estudos, pesquisas, produ\u00e7\u00e3o e divulga\u00e7\u00e3o de informa\u00e7\u00f5es, conhecimento e tecnologias que dizem respeito ao fortalecimento e qualidade, no turismo e todas as suas modalidades, artesanato, cultura, sa\u00fade, esportes (em atividades que aconte\u00e7am na terra, no c\u00e9u e nas \u00e1guas), sustentabilidade e desenvolvimento social;<\/span><br style=\"color: #666666; font-family: Ubuntu, sans-serif; font-size: 14px; background-color: #ffffff;\" \/><span style=\"color: #666666; font-family: Ubuntu, sans-serif; font-size: 14px; background-color: #ffffff;\">XVIII \u2013 estimular, apoiar e financiar trabalhos voltados a:<\/span><br style=\"color: #666666; font-family: Ubuntu, sans-serif; font-size: 14px; background-color: #ffffff;\" \/><span style=\"color: #666666; font-family: Ubuntu, sans-serif; font-size: 14px; background-color: #ffffff;\">a) fomento ao turismo e todas as suas modalidades, artesanato, cultura, sa\u00fade, esportes (em atividades que aconte\u00e7am na terra, no c\u00e9u e nas \u00e1guas), sustentabilidade e desenvolvimento social;<\/span><br style=\"color: #666666; font-family: Ubuntu, sans-serif; font-size: 14px; background-color: #ffffff;\" \/><span style=\"color: #666666; font-family: Ubuntu, sans-serif; font-size: 14px; background-color: #ffffff;\">b) pesquisa t\u00e9cnica e mercadol\u00f3gica;<\/span><br style=\"color: #666666; font-family: Ubuntu, sans-serif; font-size: 14px; background-color: #ffffff;\" \/><span style=\"color: #666666; font-family: Ubuntu, sans-serif; font-size: 14px; background-color: #ffffff;\">c) informa\u00e7\u00e3o e divulga\u00e7\u00e3o;<\/span><br style=\"color: #666666; font-family: Ubuntu, sans-serif; font-size: 14px; background-color: #ffffff;\" \/><span style=\"color: #666666; font-family: Ubuntu, sans-serif; font-size: 14px; background-color: #ffffff;\">d) Fomento ao empreendedorismo;<\/span><br style=\"color: #666666; font-family: Ubuntu, sans-serif; font-size: 14px; background-color: #ffffff;\" \/><span style=\"color: #666666; font-family: Ubuntu, sans-serif; font-size: 14px; background-color: #ffffff;\">e) organiza\u00e7\u00e3o e fortalecimento institucional;<\/span><br style=\"color: #666666; font-family: Ubuntu, sans-serif; font-size: 14px; background-color: #ffffff;\" \/><span style=\"color: #666666; font-family: Ubuntu, sans-serif; font-size: 14px; background-color: #ffffff;\">f) preserva\u00e7\u00e3o e conserva\u00e7\u00e3o do patrim\u00f4nio cultural e ambiental local e regional;<\/span><br style=\"color: #666666; font-family: Ubuntu, sans-serif; font-size: 14px; background-color: #ffffff;\" \/><span style=\"color: #666666; font-family: Ubuntu, sans-serif; font-size: 14px; background-color: #ffffff;\">g) incentivar o aperfei\u00e7oamento e promo\u00e7\u00e3o do artesanato local e da arte popular;<\/span><br style=\"color: #666666; font-family: Ubuntu, sans-serif; font-size: 14px; background-color: #ffffff;\" \/><span style=\"color: #666666; font-family: Ubuntu, sans-serif; font-size: 14px; background-color: #ffffff;\">h) incentivar e apoiar a cria\u00e7\u00e3o de \u00e1reas de preserva\u00e7\u00e3o ambiental: RPPN, APAs e similares.<\/span><br style=\"color: #666666; font-family: Ubuntu, sans-serif; font-size: 14px; background-color: #ffffff;\" \/><span style=\"color: #666666; font-family: Ubuntu, sans-serif; font-size: 14px; background-color: #ffffff;\">Par\u00e1grafo I \u2013 A TERMAL n\u00e3o distribui entre os seus s\u00f3cios ou associados, conselheiros, diretores, empregados ou doadores eventuais excedentes operacionais, brutos ou l\u00edquidos, dividendos, bonifica\u00e7\u00f5es, participa\u00e7\u00f5es ou parcelas do seu patrim\u00f4nio, auferidos mediante o exerc\u00edcio de suas atividades, e os aplica integralmente na consecu\u00e7\u00e3o do seu objetivo social.<\/span><br style=\"color: #666666; font-family: Ubuntu, sans-serif; font-size: 14px; background-color: #ffffff;\" \/><span style=\"color: #666666; font-family: Ubuntu, sans-serif; font-size: 14px; background-color: #ffffff;\">Par\u00e1grafo II \u2013 Suas atividades se dar\u00e3o por meio da doa\u00e7\u00e3o de recursos f\u00edsicos, humanos e financeiros, ou presta\u00e7\u00e3o de servi\u00e7os intermedi\u00e1rios de apoio a outras organiza\u00e7\u00f5es sem fins lucrativos e a \u00f3rg\u00e3os do setor p\u00fablico que atuam em \u00e1reas afins. (Lei 9.790\/99, par\u00e1grafo \u00fanico do art. 3\u00ba)<\/span><br style=\"color: #666666; font-family: Ubuntu, sans-serif; font-size: 14px; background-color: #ffffff;\" \/><span style=\"color: #666666; font-family: Ubuntu, sans-serif; font-size: 14px; background-color: #ffffff;\">Par\u00e1grafo III \u2013 Para alcan\u00e7ar e executar os objetivos definidos neste estatuto, A TERMAL, poder\u00e1 contratar os servi\u00e7os de profissionais especializados, inclusive atrav\u00e9s de pessoas jur\u00eddicas, firmar conv\u00eanios com pessoas jur\u00eddicas do direto p\u00fablico e privado, bem como pessoas f\u00edsicas, e outros instrumentos legais, objetivando estabelecer parcerias com empresas p\u00fablicas e privadas, \u00f3rg\u00e3os p\u00fablicos, organismos internacionais, funda\u00e7\u00f5es p\u00fablicas e privadas, universidades e outras institui\u00e7\u00f5es afins, nacionais e estrangeiras.<\/span><br style=\"color: #666666; font-family: Ubuntu, sans-serif; font-size: 14px; background-color: #ffffff;\" \/><span style=\"color: #666666; font-family: Ubuntu, sans-serif; font-size: 14px; background-color: #ffffff;\">Art. 3\u00ba. No desenvolvimento de suas atividades, a TERMAL observar\u00e1 os princ\u00edpios da legalidade, impessoalidade, moralidade, publicidade, economicidade e da efici\u00eancia e n\u00e3o far\u00e1 qualquer discrimina\u00e7\u00e3o de ra\u00e7a, cor, g\u00eanero ou religi\u00e3o.<\/span><br style=\"color: #666666; font-family: Ubuntu, sans-serif; font-size: 14px; background-color: #ffffff;\" \/><span style=\"color: #666666; font-family: Ubuntu, sans-serif; font-size: 14px; background-color: #ffffff;\">Par\u00e1grafo \u00danico \u2013 A TERMAL se dedica \u00e0s suas atividades por meio da execu\u00e7\u00e3o direta de projetos, programas ou planos de a\u00e7\u00f5es, por meio da doa\u00e7\u00e3o de recursos f\u00edsicos, humanos e financeiros, ou presta\u00e7\u00e3o de servi\u00e7os intermedi\u00e1rios de apoio a outras organiza\u00e7\u00f5es sem fins lucrativos e a \u00f3rg\u00e3os do setor p\u00fablico que atuam em \u00e1reas afins.<\/span><br style=\"color: #666666; font-family: Ubuntu, sans-serif; font-size: 14px; background-color: #ffffff;\" \/><span style=\"color: #666666; font-family: Ubuntu, sans-serif; font-size: 14px; background-color: #ffffff;\">Art. 4\u00ba. A TERMAL ter\u00e1 um Regimento Interno que, aprovado pela Assembleia Geral, disciplinar\u00e1 o seu funcionamento.<\/span><br style=\"color: #666666; font-family: Ubuntu, sans-serif; font-size: 14px; background-color: #ffffff;\" \/><span style=\"color: #666666; font-family: Ubuntu, sans-serif; font-size: 14px; background-color: #ffffff;\">Par\u00e1grafo \u00danico \u2013 Os servi\u00e7os de educa\u00e7\u00e3o ou de sa\u00fade a que a entidade eventualmente se dedique, ser\u00e3o prestados de forma inteiramente gratuita e com recursos pr\u00f3prios, vedado o seu condicionamento a qualquer doa\u00e7\u00e3o, contrapartida ou equivalente.<\/span><br style=\"color: #666666; font-family: Ubuntu, sans-serif; font-size: 14px; background-color: #ffffff;\" \/><span style=\"color: #666666; font-family: Ubuntu, sans-serif; font-size: 14px; background-color: #ffffff;\">Cap\u00edtulo II \u2013 DOS S\u00d3CIOS<\/span><br style=\"color: #666666; font-family: Ubuntu, sans-serif; font-size: 14px; background-color: #ffffff;\" \/><span style=\"color: #666666; font-family: Ubuntu, sans-serif; font-size: 14px; background-color: #ffffff;\">Art.5\u00ba. A TERMAL \u00e9 constitu\u00edda por n\u00famero ilimitado de s\u00f3cios, distribu\u00eddos nas seguintes categorias: fundadores, efetivos, colaboradores, benem\u00e9ritos e aprendizes.<\/span><br style=\"color: #666666; font-family: Ubuntu, sans-serif; font-size: 14px; background-color: #ffffff;\" \/><span style=\"color: #666666; font-family: Ubuntu, sans-serif; font-size: 14px; background-color: #ffffff;\">Art. 6\u00ba. Ser\u00e3o s\u00f3cios fundadores os que assinarem a Ata de Funda\u00e7\u00e3o da TERMAL.<\/span><br style=\"color: #666666; font-family: Ubuntu, sans-serif; font-size: 14px; background-color: #ffffff;\" \/><span style=\"color: #666666; font-family: Ubuntu, sans-serif; font-size: 14px; background-color: #ffffff;\">Art. 7\u00ba. Ser\u00e3o s\u00f3cios efetivos aqueles brevetados pela Comiss\u00e3o T\u00e9cnica da TERMAL.<\/span><br style=\"color: #666666; font-family: Ubuntu, sans-serif; font-size: 14px; background-color: #ffffff;\" \/><span style=\"color: #666666; font-family: Ubuntu, sans-serif; font-size: 14px; background-color: #ffffff;\">Art. 8\u00ba. Poder\u00e3o ser s\u00f3cios colaboradores aqueles assim aceitos pela Diretoria.<\/span><br style=\"color: #666666; font-family: Ubuntu, sans-serif; font-size: 14px; background-color: #ffffff;\" \/><span style=\"color: #666666; font-family: Ubuntu, sans-serif; font-size: 14px; background-color: #ffffff;\">Art. 9\u00ba. Ser\u00e3o s\u00f3cios benem\u00e9ritos \u00e0queles que por terem concedido a TERMAL, relevantes contribui\u00e7\u00f5es de bens, tenham sido indicados por um ou mais s\u00f3cios. A admiss\u00e3o do s\u00f3cio<\/span><br style=\"color: #666666; font-family: Ubuntu, sans-serif; font-size: 14px; background-color: #ffffff;\" \/><span style=\"color: #666666; font-family: Ubuntu, sans-serif; font-size: 14px; background-color: #ffffff;\">benem\u00e9rito se far\u00e1 por decis\u00e3o em Assembleia Geral, especialmente convocada para esse fim.<\/span><br style=\"color: #666666; font-family: Ubuntu, sans-serif; font-size: 14px; background-color: #ffffff;\" \/><span style=\"color: #666666; font-family: Ubuntu, sans-serif; font-size: 14px; background-color: #ffffff;\">Art. 10\u00ba. S\u00e3o direitos dos s\u00f3cios fundadores e efetivos quites com suas obriga\u00e7\u00f5es sociais:<\/span><br style=\"color: #666666; font-family: Ubuntu, sans-serif; font-size: 14px; background-color: #ffffff;\" \/><span style=\"color: #666666; font-family: Ubuntu, sans-serif; font-size: 14px; background-color: #ffffff;\">I \u2013 votar e ser votado para os cargos eletivos,<\/span><br style=\"color: #666666; font-family: Ubuntu, sans-serif; font-size: 14px; background-color: #ffffff;\" \/><span style=\"color: #666666; font-family: Ubuntu, sans-serif; font-size: 14px; background-color: #ffffff;\">II \u2013 tomar parte nas Assembleias Gerais;<\/span><br style=\"color: #666666; font-family: Ubuntu, sans-serif; font-size: 14px; background-color: #ffffff;\" \/><span style=\"color: #666666; font-family: Ubuntu, sans-serif; font-size: 14px; background-color: #ffffff;\">Art.11\u00ba. S\u00e3o deveres dos s\u00f3cios:<\/span><br style=\"color: #666666; font-family: Ubuntu, sans-serif; font-size: 14px; background-color: #ffffff;\" \/><span style=\"color: #666666; font-family: Ubuntu, sans-serif; font-size: 14px; background-color: #ffffff;\">I \u2013 cumprir as disposi\u00e7\u00f5es estatut\u00e1rias e regimentais;<\/span><br style=\"color: #666666; font-family: Ubuntu, sans-serif; font-size: 14px; background-color: #ffffff;\" \/><span style=\"color: #666666; font-family: Ubuntu, sans-serif; font-size: 14px; background-color: #ffffff;\">II \u2013 acatar as decis\u00f5es da Diretoria;<\/span><br style=\"color: #666666; font-family: Ubuntu, sans-serif; font-size: 14px; background-color: #ffffff;\" \/><span style=\"color: #666666; font-family: Ubuntu, sans-serif; font-size: 14px; background-color: #ffffff;\">Art.12\u00ba. Os s\u00f3cios n\u00e3o respondem, nem mesmo subsidiariamente, pelos encargos da Institui\u00e7\u00e3o.<\/span><br style=\"color: #666666; font-family: Ubuntu, sans-serif; font-size: 14px; background-color: #ffffff;\" \/><span style=\"color: #666666; font-family: Ubuntu, sans-serif; font-size: 14px; background-color: #ffffff;\">Cap\u00edtulo III \u2013 DA ADMINISTRA\u00c7\u00c3O<\/span><br style=\"color: #666666; font-family: Ubuntu, sans-serif; font-size: 14px; background-color: #ffffff;\" \/><span style=\"color: #666666; font-family: Ubuntu, sans-serif; font-size: 14px; background-color: #ffffff;\">Art. 13\u00ba. A TERMAL ser\u00e1 administrada por:<\/span><br style=\"color: #666666; font-family: Ubuntu, sans-serif; font-size: 14px; background-color: #ffffff;\" \/><span style=\"color: #666666; font-family: Ubuntu, sans-serif; font-size: 14px; background-color: #ffffff;\">I \u2013 Assembleia Geral;<\/span><br style=\"color: #666666; font-family: Ubuntu, sans-serif; font-size: 14px; background-color: #ffffff;\" \/><span style=\"color: #666666; font-family: Ubuntu, sans-serif; font-size: 14px; background-color: #ffffff;\">II \u2013 Diretoria;<\/span><br style=\"color: #666666; font-family: Ubuntu, sans-serif; font-size: 14px; background-color: #ffffff;\" \/><span style=\"color: #666666; font-family: Ubuntu, sans-serif; font-size: 14px; background-color: #ffffff;\">III- Conselho Fiscal.<\/span><br style=\"color: #666666; font-family: Ubuntu, sans-serif; font-size: 14px; background-color: #ffffff;\" \/><span style=\"color: #666666; font-family: Ubuntu, sans-serif; font-size: 14px; background-color: #ffffff;\">A Institui\u00e7\u00e3o n\u00e3o remunera, sob qualquer forma, os cargos de sua Diretoria e do Conselho Fiscal, bem como as atividades de seus s\u00f3cios, cujas atua\u00e7\u00f5es s\u00e3o inteiramente gratuitas.<\/span><br style=\"color: #666666; font-family: Ubuntu, sans-serif; font-size: 14px; background-color: #ffffff;\" \/><span style=\"color: #666666; font-family: Ubuntu, sans-serif; font-size: 14px; background-color: #ffffff;\">Art. 14\u00ba. A Assembleia Geral, \u00f3rg\u00e3o soberano da Institui\u00e7\u00e3o, se constituir\u00e1 dos s\u00f3cios em pleno gozo de seus direitos estatut\u00e1rios.<\/span><br style=\"color: #666666; font-family: Ubuntu, sans-serif; font-size: 14px; background-color: #ffffff;\" \/><span style=\"color: #666666; font-family: Ubuntu, sans-serif; font-size: 14px; background-color: #ffffff;\">Art. 15\u00ba. Compete \u00e0 Assembleia Geral:<\/span><br style=\"color: #666666; font-family: Ubuntu, sans-serif; font-size: 14px; background-color: #ffffff;\" \/><span style=\"color: #666666; font-family: Ubuntu, sans-serif; font-size: 14px; background-color: #ffffff;\">I \u2013 eleger a Diretoria e o Conselho Fiscal;<\/span><br style=\"color: #666666; font-family: Ubuntu, sans-serif; font-size: 14px; background-color: #ffffff;\" \/><span style=\"color: #666666; font-family: Ubuntu, sans-serif; font-size: 14px; background-color: #ffffff;\">II \u2013 decidir sobre reformas do Estatuto, na forma do art. 33;<\/span><br style=\"color: #666666; font-family: Ubuntu, sans-serif; font-size: 14px; background-color: #ffffff;\" \/><span style=\"color: #666666; font-family: Ubuntu, sans-serif; font-size: 14px; background-color: #ffffff;\">III \u2013 decidir sobre a extin\u00e7\u00e3o da Institui\u00e7\u00e3o, nos termos do art 32;<\/span><br style=\"color: #666666; font-family: Ubuntu, sans-serif; font-size: 14px; background-color: #ffffff;\" \/><span style=\"color: #666666; font-family: Ubuntu, sans-serif; font-size: 14px; background-color: #ffffff;\">IV \u2013 decidir sobre a conveni\u00eancia de alienar, transigir, hipotecar ou permutar bens patrimoniais;<\/span><br style=\"color: #666666; font-family: Ubuntu, sans-serif; font-size: 14px; background-color: #ffffff;\" \/><span style=\"color: #666666; font-family: Ubuntu, sans-serif; font-size: 14px; background-color: #ffffff;\">V \u2013 aprovar o Regimento Interno;<\/span><br style=\"color: #666666; font-family: Ubuntu, sans-serif; font-size: 14px; background-color: #ffffff;\" \/><span style=\"color: #666666; font-family: Ubuntu, sans-serif; font-size: 14px; background-color: #ffffff;\">Art. 16\u00ba. A Assembleia Geral se realizar\u00e1, ordinariamente, uma vez por ano para:<\/span><br style=\"color: #666666; font-family: Ubuntu, sans-serif; font-size: 14px; background-color: #ffffff;\" \/><span style=\"color: #666666; font-family: Ubuntu, sans-serif; font-size: 14px; background-color: #ffffff;\">I \u2013 aprovar a proposta de programa\u00e7\u00e3o anual da Institui\u00e7\u00e3o, submetida pela Diretoria;<\/span><br style=\"color: #666666; font-family: Ubuntu, sans-serif; font-size: 14px; background-color: #ffffff;\" \/><span style=\"color: #666666; font-family: Ubuntu, sans-serif; font-size: 14px; background-color: #ffffff;\">II \u2013 apreciar o relat\u00f3rio anual da Diretoria;<\/span><br style=\"color: #666666; font-family: Ubuntu, sans-serif; font-size: 14px; background-color: #ffffff;\" \/><span style=\"color: #666666; font-family: Ubuntu, sans-serif; font-size: 14px; background-color: #ffffff;\">III- discutir e homologar as contas e o balan\u00e7o aprovado pelo Conselho Fiscal;<\/span><br style=\"color: #666666; font-family: Ubuntu, sans-serif; font-size: 14px; background-color: #ffffff;\" \/><span style=\"color: #666666; font-family: Ubuntu, sans-serif; font-size: 14px; background-color: #ffffff;\">Art. 17\u00ba. A Assembleia Geral se realizar\u00e1, extraordinariamente, quando convocada:<\/span><br style=\"color: #666666; font-family: Ubuntu, sans-serif; font-size: 14px; background-color: #ffffff;\" \/><span style=\"color: #666666; font-family: Ubuntu, sans-serif; font-size: 14px; background-color: #ffffff;\">I \u2013 pela Diretoria;<\/span><br style=\"color: #666666; font-family: Ubuntu, sans-serif; font-size: 14px; background-color: #ffffff;\" \/><span style=\"color: #666666; font-family: Ubuntu, sans-serif; font-size: 14px; background-color: #ffffff;\">II \u2013 pelo Conselho Fiscal;<\/span><br style=\"color: #666666; font-family: Ubuntu, sans-serif; font-size: 14px; background-color: #ffffff;\" \/><span style=\"color: #666666; font-family: Ubuntu, sans-serif; font-size: 14px; background-color: #ffffff;\">III \u2013 por requerimento de 10 (dez) s\u00f3cios quites com as obriga\u00e7\u00f5es sociais.<\/span><br style=\"color: #666666; font-family: Ubuntu, sans-serif; font-size: 14px; background-color: #ffffff;\" \/><span style=\"color: #666666; font-family: Ubuntu, sans-serif; font-size: 14px; background-color: #ffffff;\">Art.18\u00ba. A convoca\u00e7\u00e3o da Assembleia Geral ser\u00e1 feita por meio de edital afixado na sede da Institui\u00e7\u00e3o e\/ou publicado na imprensa local, por circulares ou outros meios convenientes,com anteced\u00eancia m\u00ednima de 15 dias.<\/span><br style=\"color: #666666; font-family: Ubuntu, sans-serif; font-size: 14px; background-color: #ffffff;\" \/><span style=\"color: #666666; font-family: Ubuntu, sans-serif; font-size: 14px; background-color: #ffffff;\">Par\u00e1grafo \u00danico \u2013 Qualquer Assembleia se instalar\u00e1 em primeira convoca\u00e7\u00e3o com a maioria dos s\u00f3cios e, em segunda convoca\u00e7\u00e3o, com qualquer n\u00famero.<\/span><br style=\"color: #666666; font-family: Ubuntu, sans-serif; font-size: 14px; background-color: #ffffff;\" \/><span style=\"color: #666666; font-family: Ubuntu, sans-serif; font-size: 14px; background-color: #ffffff;\">Art. 19\u00ba. A institui\u00e7\u00e3o adotar\u00e1 pr\u00e1ticas de gest\u00e3o administrativa, necess\u00e1rias e suficientes, a coibir a obten\u00e7\u00e3o, de forma individual ou coletiva, de benef\u00edcios e vantagens pessoais, em decorr\u00eancia da participa\u00e7\u00e3o nos processos decis\u00f3rios.<\/span><br style=\"color: #666666; font-family: Ubuntu, sans-serif; font-size: 14px; background-color: #ffffff;\" \/><span style=\"color: #666666; font-family: Ubuntu, sans-serif; font-size: 14px; background-color: #ffffff;\">Art. 20\u00ba. A Diretoria ser\u00e1 constitu\u00edda por um Presidente, um Secret\u00e1rio e um Tesoureiro. \u00a7 1\u00ba \u2013 O mandato da Diretoria ser\u00e1 de 2 (dois) anos, sendo vedada mais de uma reelei\u00e7\u00e3o consecutiva.<\/span><br style=\"color: #666666; font-family: Ubuntu, sans-serif; font-size: 14px; background-color: #ffffff;\" \/><span style=\"color: #666666; font-family: Ubuntu, sans-serif; font-size: 14px; background-color: #ffffff;\">\u00a7 2\u00ba \u2013 N\u00e3o poder\u00e3o ser eleitos para os cargos de diretoria da entidade os s\u00f3cios que exer\u00e7am cargos, empregos ou fun\u00e7\u00f5es p\u00fablicas junto aos \u00f3rg\u00e3os do Poder P\u00fablico.<\/span><br style=\"color: #666666; font-family: Ubuntu, sans-serif; font-size: 14px; background-color: #ffffff;\" \/><span style=\"color: #666666; font-family: Ubuntu, sans-serif; font-size: 14px; background-color: #ffffff;\">Art.21\u00ba. Compete \u00e0 Diretoria:<\/span><br style=\"color: #666666; font-family: Ubuntu, sans-serif; font-size: 14px; background-color: #ffffff;\" \/><span style=\"color: #666666; font-family: Ubuntu, sans-serif; font-size: 14px; background-color: #ffffff;\">I \u2013 elaborar e submeter \u00e0 Assembleia Geral a proposta de programa\u00e7\u00e3o anual da Institui\u00e7\u00e3o;<\/span><br style=\"color: #666666; font-family: Ubuntu, sans-serif; font-size: 14px; background-color: #ffffff;\" \/><span style=\"color: #666666; font-family: Ubuntu, sans-serif; font-size: 14px; background-color: #ffffff;\">II \u2013 executar a programa\u00e7\u00e3o anual de atividades da Institui\u00e7\u00e3o;<\/span><br style=\"color: #666666; font-family: Ubuntu, sans-serif; font-size: 14px; background-color: #ffffff;\" \/><span style=\"color: #666666; font-family: Ubuntu, sans-serif; font-size: 14px; background-color: #ffffff;\">III \u2013 elaborar e apresentar \u00e0 Assembleia Geral o relat\u00f3rio anual;<\/span><br style=\"color: #666666; font-family: Ubuntu, sans-serif; font-size: 14px; background-color: #ffffff;\" \/><span style=\"color: #666666; font-family: Ubuntu, sans-serif; font-size: 14px; background-color: #ffffff;\">IV- reunir-se com institui\u00e7\u00f5es p\u00fablicas e privadas para m\u00fatua colabora\u00e7\u00e3o em atividades de interesse comum;<\/span><br style=\"color: #666666; font-family: Ubuntu, sans-serif; font-size: 14px; background-color: #ffffff;\" \/><span style=\"color: #666666; font-family: Ubuntu, sans-serif; font-size: 14px; background-color: #ffffff;\">V- contratar e demitir funcion\u00e1rios;<\/span><br style=\"color: #666666; font-family: Ubuntu, sans-serif; font-size: 14px; background-color: #ffffff;\" \/><span style=\"color: #666666; font-family: Ubuntu, sans-serif; font-size: 14px; background-color: #ffffff;\">Art.22\u00ba. A Diretoria se reunir\u00e1 a cada 3 (tr\u00eas) meses.<\/span><br style=\"color: #666666; font-family: Ubuntu, sans-serif; font-size: 14px; background-color: #ffffff;\" \/><span style=\"color: #666666; font-family: Ubuntu, sans-serif; font-size: 14px; background-color: #ffffff;\">Art. 23\u00ba. Compete ao Presidente:<\/span><br style=\"color: #666666; font-family: Ubuntu, sans-serif; font-size: 14px; background-color: #ffffff;\" \/><span style=\"color: #666666; font-family: Ubuntu, sans-serif; font-size: 14px; background-color: #ffffff;\">I \u2013 representar a TERMAL judicial e extra-judicialmente;<\/span><br style=\"color: #666666; font-family: Ubuntu, sans-serif; font-size: 14px; background-color: #ffffff;\" \/><span style=\"color: #666666; font-family: Ubuntu, sans-serif; font-size: 14px; background-color: #ffffff;\">II- cumprir e fazer cumprir este Estatuto e o Regimento Interno;<\/span><br style=\"color: #666666; font-family: Ubuntu, sans-serif; font-size: 14px; background-color: #ffffff;\" \/><span style=\"color: #666666; font-family: Ubuntu, sans-serif; font-size: 14px; background-color: #ffffff;\">III- presidir a Assembleia Geral;<\/span><br style=\"color: #666666; font-family: Ubuntu, sans-serif; font-size: 14px; background-color: #ffffff;\" \/><span style=\"color: #666666; font-family: Ubuntu, sans-serif; font-size: 14px; background-color: #ffffff;\">IV- convocar e presidir as reuni\u00f5es da Diretoria.<\/span><br style=\"color: #666666; font-family: Ubuntu, sans-serif; font-size: 14px; background-color: #ffffff;\" \/><span style=\"color: #666666; font-family: Ubuntu, sans-serif; font-size: 14px; background-color: #ffffff;\">Art.24\u00ba. Compete ao Secret\u00e1rio:<\/span><br style=\"color: #666666; font-family: Ubuntu, sans-serif; font-size: 14px; background-color: #ffffff;\" \/><span style=\"color: #666666; font-family: Ubuntu, sans-serif; font-size: 14px; background-color: #ffffff;\">I \u2013 secretariar as reuni\u00f5es da Diretoria e da Assembleia Geral e redigir as atas;<\/span><br style=\"color: #666666; font-family: Ubuntu, sans-serif; font-size: 14px; background-color: #ffffff;\" \/><span style=\"color: #666666; font-family: Ubuntu, sans-serif; font-size: 14px; background-color: #ffffff;\">II \u2013 publicar todas as not\u00edcias das atividades da entidade.<\/span><br style=\"color: #666666; font-family: Ubuntu, sans-serif; font-size: 14px; background-color: #ffffff;\" \/><span style=\"color: #666666; font-family: Ubuntu, sans-serif; font-size: 14px; background-color: #ffffff;\">Art. 25\u00ba. Compete ao Tesoureiro:<\/span><br style=\"color: #666666; font-family: Ubuntu, sans-serif; font-size: 14px; background-color: #ffffff;\" \/><span style=\"color: #666666; font-family: Ubuntu, sans-serif; font-size: 14px; background-color: #ffffff;\">I \u2013 arrecadar e contabilizar as contribui\u00e7\u00f5es dos associados, rendas, aux\u00edlios e donativos, mantendo em dia a escritura\u00e7\u00e3o da Institui\u00e7\u00e3o;<\/span><br style=\"color: #666666; font-family: Ubuntu, sans-serif; font-size: 14px; background-color: #ffffff;\" \/><span style=\"color: #666666; font-family: Ubuntu, sans-serif; font-size: 14px; background-color: #ffffff;\">II- pagar as contas autorizadas pelo Presidente;<\/span><br style=\"color: #666666; font-family: Ubuntu, sans-serif; font-size: 14px; background-color: #ffffff;\" \/><span style=\"color: #666666; font-family: Ubuntu, sans-serif; font-size: 14px; background-color: #ffffff;\">III- apresentar relat\u00f3rios de receitas e despesas, sempre que forem solicitados;<\/span><br style=\"color: #666666; font-family: Ubuntu, sans-serif; font-size: 14px; background-color: #ffffff;\" \/><span style=\"color: #666666; font-family: Ubuntu, sans-serif; font-size: 14px; background-color: #ffffff;\">IV- apresentar ao Conselho Fiscal a escritura\u00e7\u00e3o da Institui\u00e7\u00e3o, incluindo os relat\u00f3rios de desempenho financeiro e cont\u00e1bil e sobre as opera\u00e7\u00f5es patrimoniais realizadas;<\/span><br style=\"color: #666666; font-family: Ubuntu, sans-serif; font-size: 14px; background-color: #ffffff;\" \/><span style=\"color: #666666; font-family: Ubuntu, sans-serif; font-size: 14px; background-color: #ffffff;\">V- conservar, sob sua guarda e responsabilidade, os documentos relativos \u00e0 tesouraria;<\/span><br style=\"color: #666666; font-family: Ubuntu, sans-serif; font-size: 14px; background-color: #ffffff;\" \/><span style=\"color: #666666; font-family: Ubuntu, sans-serif; font-size: 14px; background-color: #ffffff;\">VI- manter todo o numer\u00e1rio em estabelecimento de cr\u00e9dito; Art.26\u00ba. O Conselho Fiscal ser\u00e1 constitu\u00eddo por 3 (tr\u00eas) membros eleitos pela Assembleia Geral. \u00a7 1\u00ba O mandato do Conselho Fiscal ser\u00e1 coincidente com o mandato da Diretoria;<\/span><br style=\"color: #666666; font-family: Ubuntu, sans-serif; font-size: 14px; background-color: #ffffff;\" \/><span style=\"color: #666666; font-family: Ubuntu, sans-serif; font-size: 14px; background-color: #ffffff;\">Art.27\u00ba. Compete ao Conselho Fiscal:<\/span><br style=\"color: #666666; font-family: Ubuntu, sans-serif; font-size: 14px; background-color: #ffffff;\" \/><span style=\"color: #666666; font-family: Ubuntu, sans-serif; font-size: 14px; background-color: #ffffff;\">I \u2013 examinar os livros de escritura\u00e7\u00e3o da Institui\u00e7\u00e3o;<\/span><br style=\"color: #666666; font-family: Ubuntu, sans-serif; font-size: 14px; background-color: #ffffff;\" \/><span style=\"color: #666666; font-family: Ubuntu, sans-serif; font-size: 14px; background-color: #ffffff;\">II \u2013 opinar sobre os balan\u00e7os e relat\u00f3rios de desempenho financeiro e cont\u00e1bil e sobre as opera\u00e7\u00f5es patrimoniais realizadas, emitindo pareceres para os organismos superiores da entidade.<\/span><br style=\"color: #666666; font-family: Ubuntu, sans-serif; font-size: 14px; background-color: #ffffff;\" \/><span style=\"color: #666666; font-family: Ubuntu, sans-serif; font-size: 14px; background-color: #ffffff;\">III \u2013 requisitar ao Tesoureiro, a qualquer tempo, documenta\u00e7\u00e3o comprobat\u00f3ria das opera\u00e7\u00f5es econ\u00f4mico-financeiras realizadas pela Institui\u00e7\u00e3o;<\/span><br style=\"color: #666666; font-family: Ubuntu, sans-serif; font-size: 14px; background-color: #ffffff;\" \/><span style=\"color: #666666; font-family: Ubuntu, sans-serif; font-size: 14px; background-color: #ffffff;\">IV \u2013 acompanhar o trabalho de eventuais auditores externos independentes;<\/span><br style=\"color: #666666; font-family: Ubuntu, sans-serif; font-size: 14px; background-color: #ffffff;\" \/><span style=\"color: #666666; font-family: Ubuntu, sans-serif; font-size: 14px; background-color: #ffffff;\">V \u2013 convocar extraordinariamente a Assembleia Geral; Par\u00e1grafo \u00danico \u2013 O Conselho Fiscal se reunir\u00e1 ordinariamente a cada 6 (seis) meses e, extraordinariamente, sempre que necess\u00e1rio.<\/span><br style=\"color: #666666; font-family: Ubuntu, sans-serif; font-size: 14px; background-color: #ffffff;\" \/><span style=\"color: #666666; font-family: Ubuntu, sans-serif; font-size: 14px; background-color: #ffffff;\">Cap\u00edtulo IV \u2013 DO PATRIM\u00d4NIO<\/span><br style=\"color: #666666; font-family: Ubuntu, sans-serif; font-size: 14px; background-color: #ffffff;\" \/><span style=\"color: #666666; font-family: Ubuntu, sans-serif; font-size: 14px; background-color: #ffffff;\">Art. 28\u00ba. O patrim\u00f4nio da TERMAL ser\u00e1 constitu\u00eddo de bens m\u00f3veis, im\u00f3veis, ve\u00edculos, semoventes, a\u00e7\u00f5es e t\u00edtulos da d\u00edvida p\u00fablica.<\/span><br style=\"color: #666666; font-family: Ubuntu, sans-serif; font-size: 14px; background-color: #ffffff;\" \/><span style=\"color: #666666; font-family: Ubuntu, sans-serif; font-size: 14px; background-color: #ffffff;\">Art. 29\u00ba. No caso de dissolu\u00e7\u00e3o da Institui\u00e7\u00e3o, o respectivo patrim\u00f4nio l\u00edquido ser\u00e1 transferido a outra pessoa jur\u00eddica qualificada nos termos da Lei 9.790\/99, preferencialmente que tenha o mesmo objetivo social.<\/span><br style=\"color: #666666; font-family: Ubuntu, sans-serif; font-size: 14px; background-color: #ffffff;\" \/><span style=\"color: #666666; font-family: Ubuntu, sans-serif; font-size: 14px; background-color: #ffffff;\">Art. 30\u00ba. Na hip\u00f3tese da Institui\u00e7\u00e3o obter e, posteriormente, perder a qualifica\u00e7\u00e3o institu\u00edda pela Lei 9.790\/99, o acervo patrimonial dispon\u00edvel, adquirido com recursos p\u00fablicos durante o per\u00edodo em que perdurou aquela qualifica\u00e7\u00e3o, ser\u00e1 contabilmente apurado e transferido a outra pessoa jur\u00eddica qualificada nos termos da mesma Lei, preferencialmente que tenha o mesmo objetivo social.<\/span><br style=\"color: #666666; font-family: Ubuntu, sans-serif; font-size: 14px; background-color: #ffffff;\" \/><span style=\"color: #666666; font-family: Ubuntu, sans-serif; font-size: 14px; background-color: #ffffff;\">Cap\u00edtulo V \u2013 DA PRESTA\u00c7\u00c3O DE CONTAS<\/span><br style=\"color: #666666; font-family: Ubuntu, sans-serif; font-size: 14px; background-color: #ffffff;\" \/><span style=\"color: #666666; font-family: Ubuntu, sans-serif; font-size: 14px; background-color: #ffffff;\">Art. 31\u00ba. A presta\u00e7\u00e3o de contas da Institui\u00e7\u00e3o observar\u00e1 as seguintes normas:<\/span><br style=\"color: #666666; font-family: Ubuntu, sans-serif; font-size: 14px; background-color: #ffffff;\" \/><span style=\"color: #666666; font-family: Ubuntu, sans-serif; font-size: 14px; background-color: #ffffff;\">I \u2013 os princ\u00edpios fundamentais de contabilidade e as Normas Brasileiras de Contabilidade;<\/span><br style=\"color: #666666; font-family: Ubuntu, sans-serif; font-size: 14px; background-color: #ffffff;\" \/><span style=\"color: #666666; font-family: Ubuntu, sans-serif; font-size: 14px; background-color: #ffffff;\">II \u2013 a publicidade, por qualquer meio eficaz, no encerramento do exerc\u00edcio fiscal, ao relat\u00f3rio de atividades e das demonstra\u00e7\u00f5es financeiras da entidade, incluindo as certid\u00f5es negativas de d\u00e9bitos junto ao INSS e ao FGTS, colocando-os \u00e0 disposi\u00e7\u00e3o para o exame de qualquer cidad\u00e3o;<\/span><br style=\"color: #666666; font-family: Ubuntu, sans-serif; font-size: 14px; background-color: #ffffff;\" \/><span style=\"color: #666666; font-family: Ubuntu, sans-serif; font-size: 14px; background-color: #ffffff;\">III \u2013 a realiza\u00e7\u00e3o de auditoria, inclusive por auditores externos independentes se for o caso, da aplica\u00e7\u00e3o dos eventuais recursos objeto de Termo de Parceria, conforme previsto em regulamento;<\/span><br style=\"color: #666666; font-family: Ubuntu, sans-serif; font-size: 14px; background-color: #ffffff;\" \/><span style=\"color: #666666; font-family: Ubuntu, sans-serif; font-size: 14px; background-color: #ffffff;\">IV \u2013 a presta\u00e7\u00e3o de contas de todos os recursos e bens de origem p\u00fablica recebidos ser\u00e1 feita, conforme determina o par\u00e1grafo \u00fanico do Art. 70 da Constitui\u00e7\u00e3o Federal.<\/span><br style=\"color: #666666; font-family: Ubuntu, sans-serif; font-size: 14px; background-color: #ffffff;\" \/><span style=\"color: #666666; font-family: Ubuntu, sans-serif; font-size: 14px; background-color: #ffffff;\">Cap\u00edtulo VI \u2013 DAS DISPOSI\u00c7\u00d4ES GERAIS<\/span><br style=\"color: #666666; font-family: Ubuntu, sans-serif; font-size: 14px; background-color: #ffffff;\" \/><span style=\"color: #666666; font-family: Ubuntu, sans-serif; font-size: 14px; background-color: #ffffff;\">Art. 32\u00ba. A TERMAL ser\u00e1 dissolvida por decis\u00e3o da Assembleia Geral Extraordin\u00e1ria, especialmente convocada para esse fim, quando se tornar imposs\u00edvel \u00e0 continua\u00e7\u00e3o de suas atividades.<\/span><br style=\"color: #666666; font-family: Ubuntu, sans-serif; font-size: 14px; background-color: #ffffff;\" \/><span style=\"color: #666666; font-family: Ubuntu, sans-serif; font-size: 14px; background-color: #ffffff;\">Art. 33\u00ba. O presente Estatuto poder\u00e1 ser reformado, a qualquer tempo, por decis\u00e3o da maioria absoluta dos s\u00f3cios, em Assembleia Geral especialmente convocada para esse fim, e entrar\u00e1 em vigor na data de seu registro em Cart\u00f3rio.<\/span><br style=\"color: #666666; font-family: Ubuntu, sans-serif; font-size: 14px; background-color: #ffffff;\" \/><span style=\"color: #666666; font-family: Ubuntu, sans-serif; font-size: 14px; background-color: #ffffff;\">Art. 34\u00ba. Os casos omissos ser\u00e3o resolvidos pela Diretoria e referendados pela Assembleia Geral.<\/span><\/p><\/div>\n\t\t\t\t\t\t\t<\/div>\n\t\t<\/div>\n\t\t\t\t<\/div>\n\t\t\t\t<\/div>\n\t\t\t\t\t<\/div>\n\t\t<\/div>\n\t\t\t\t\t<\/div>\n\t\t<\/section>\n\t\t\t\t<\/div>\n\t\t","protected":false},"excerpt":{"rendered":"<p>Diretoria Termal 2023 Presidente:&nbsp;Paulo Breda Secret\u00e1ria:&nbsp;Debora Destefani Tesoureiro:&nbsp;Neucimar Sant\u2019Anna Diretor Tecnico:&nbsp;Ronaldo Granzieli Conselho Fiscal:&nbsp;<\/p>\n","protected":false},"author":1,"featured_media":0,"parent":0,"menu_order":0,"comment_status":"closed","ping_status":"closed","template":"page-templates\/full-width-page.php","meta":{"footnotes":""},"class_list":["post-96","page","type-page","status-publish","hentry"],"_links":{"self":[{"href":"https:\/\/termal.com.br\/index.php\/wp-json\/wp\/v2\/pages\/96","targetHints":{"allow":["GET"]}}],"collection":[{"href":"https:\/\/termal.com.br\/index.php\/wp-json\/wp\/v2\/pages"}],"about":[{"href":"https:\/\/termal.com.br\/index.php\/wp-json\/wp\/v2\/types\/page"}],"author":[{"embeddable":true,"href":"https:\/\/termal.com.br\/index.php\/wp-json\/wp\/v2\/users\/1"}],"replies":[{"embeddable":true,"href":"https:\/\/termal.com.br\/index.php\/wp-json\/wp\/v2\/comments?post=96"}],"version-history":[{"count":14,"href":"https:\/\/termal.com.br\/index.php\/wp-json\/wp\/v2\/pages\/96\/revisions"}],"predecessor-version":[{"id":333,"href":"https:\/\/termal.com.br\/index.php\/wp-json\/wp\/v2\/pages\/96\/revisions\/333"}],"wp:attachment":[{"href":"https:\/\/termal.com.br\/index.php\/wp-json\/wp\/v2\/media?parent=96"}],"curies":[{"name":"wp","href":"https:\/\/api.w.org\/{rel}","templated":true}]}}